{"id":6365,"date":"2015-07-28T08:17:34","date_gmt":"2015-07-28T08:17:34","guid":{"rendered":"http:\/\/www.bca.ad\/noticies-bca-2\/?lang=es"},"modified":"2022-11-03T09:25:58","modified_gmt":"2022-11-03T09:25:58","slug":"noticias-bca","status":"publish","type":"page","link":"https:\/\/www.bca.ad\/es\/noticias-bca\/","title":{"rendered":"Noticias BCA"},"content":{"rendered":"<div class=\"eut-section eut-row-section eut-fullwidth-background eut-padding-top-1x eut-padding-bottom-1x\" data-tablet-sm-height-ratio=\"0\" data-mobile-height-ratio=\"0\"><div class=\"eut-container\"><div class=\"eut-row eut-bookmark eut-columns-gap-default eut-mobile-vertical-gap-30\"><div class=\"eut-column wpb_column eut-bookmark eut-column-1\" ><div class=\"eut-column-wrapper\"><div class=\"eut-column-content\" >\t\t<div id=\"el-1615149536575-e553076e-74e9\" class=\"eut-element eut-blog eut-blog-columns eut-blog-grid eut-isotope eut-with-gap\" style=\"\"  data-display-style=\"pagination\" data-columns=\"3\" data-columns-large-screen=\"3\" data-columns-tablet-landscape=\"2\" data-columns-tablet-portrait=\"2\" data-columns-mobile=\"1\" data-layout=\"fitRows\" data-gutter-size=\"26\">\r\n\t\t\t<div class=\"eut-isotope-container\">\r\n\t\t\t<article class=\"eut-blog-item eut-isotope-item eut-bg-size-normal post-40062 post type-post status-publish format-standard has-post-thumbnail hentry category-acb-es category-basquet-club-andorra-es category-morabanc-andorra-es tag-leon-radosevic-es tag-temporada-2026-2027-es tag-wes-iwundu-es\" itemscope itemType=\"http:\/\/schema.org\/BlogPosting\">\r\n\t\t\t\t<div class=\"eut-blog-item-inner eut-isotope-item-inner\">\r\n\t\t\t\t\t\t\t\t\t\t\t\t\t<div class=\"eut-media\">\r\n\t\t\t<a class=\"eut-item-url\" href=\"https:\/\/www.bca.ad\/es\/wes-iwundu-i-leon-radosevic-presentados-en-radio-andorra\/\"><span class=\"screen-reader-text\">WES IWUNDU I LEON RADO\u0160EVI\u0106, PRESENTADOS EN RADIO ANDORRA<\/span><\/a>\r\n\t\t\t<div class=\"eut-thumbnail-wrapper\"><div class=\"eut-thumbnail\"  style=\"padding-top: 75%;\"><img loading=\"lazy\" decoding=\"async\" width=\"560\" height=\"420\" src=\"https:\/\/www.bca.ad\/wp-content\/uploads\/2026\/09\/ITSNURIAMELENDEZ-36-560x420.jpg\" class=\"attachment-crocal-eutf-small-rect-horizontal size-crocal-eutf-small-rect-horizontal eut-lazy-load lazyload wp-post-image\" alt=\"Presentaci\u00f3 Radosevic i Iwundu a R\u00e0dio Andorra amb Andorra Turisme\" data-eutf-filter=\"yes\" srcset=\"https:\/\/www.bca.ad\/wp-content\/themes\/crocal\/images\/empty\/empty.png\" data-src=\"https:\/\/www.bca.ad\/wp-content\/uploads\/2026\/09\/ITSNURIAMELENDEZ-36-560x420.jpg\" data-sizes=\"auto\" data-srcset=\"https:\/\/www.bca.ad\/wp-content\/uploads\/2026\/09\/ITSNURIAMELENDEZ-36-560x420.jpg 560w, https:\/\/www.bca.ad\/wp-content\/uploads\/2026\/09\/ITSNURIAMELENDEZ-36-900x675.jpg 900w\" data-expand=\"1\" \/><\/div><\/div>\t\t\t<div class=\"eut-bg-black eut-hover-overlay eut-opacity-10\"><\/div>\r\n\t\t<\/div>\r\n\t\t\t\t\t\t<div class=\"eut-post-content-wrapper\">\r\n\t\t\t\t\t\t\t<div class=\"eut-post-content\">\r\n\t\t\t\t\t\t\t\t<div class=\"eut-post-header\">\r\n\t\t\t\t\t\t\t\t\t\t\t\t\t\t\t\t\t\t\t\t<span class=\"eut-hidden\">\r\n\t\t\t<span class=\"eut-structured-data entry-title\">WES IWUNDU I LEON RADO\u0160EVI\u0106, PRESENTADOS EN RADIO ANDORRA<\/span>\r\n\t\t\t<span class=\"eut-structured-data\" itemprop=\"image\" itemscope itemtype=\"http:\/\/schema.org\/ImageObject\">\r\n\t\t\t   <span itemprop='url' >https:\/\/www.bca.ad\/wp-content\/uploads\/2026\/09\/ITSNURIAMELENDEZ-36.jpg<\/span>\r\n\t\t\t   <span itemprop='height' >1920<\/span>\r\n\t\t\t   <span itemprop='width' >1280<\/span>\r\n\t\t\t<\/span>\r\n\t\t\t\t\t\t<span class=\"eut-structured-data vcard author\" itemprop=\"author\" itemscope itemtype=\"http:\/\/schema.org\/Person\">\r\n\t\t\t\t<span itemprop=\"name\" class=\"fn\">BC Morabanc Andorra (web oficial)<\/span>\r\n\t\t\t<\/span>\r\n\t\t\t<span class=\"eut-structured-data\" itemprop=\"publisher\" itemscope itemtype=\"http:\/\/schema.org\/Organization\">\r\n\t\t\t\t<span itemprop='name'>BC Morabanc Andorra (web oficial)<\/span>\r\n\t\t\t\t<span itemprop='logo' itemscope itemtype='http:\/\/schema.org\/ImageObject'>\r\n\t\t\t\t\t<span itemprop='url'>https:\/\/www.bca.ad\/wp-content\/uploads\/2026\/09\/ITSNURIAMELENDEZ-36.jpg<\/span>\r\n\t\t\t\t<\/span>\r\n\t\t\t<\/span>\r\n\t\t\t\t\t\t<time class=\"eut-structured-data date published\" itemprop=\"datePublished\" datetime=\"2026-09-03T14:55:19+02:00\">03\/09\/2026<\/time>\r\n\t\t\t<time class=\"eut-structured-data date updated\" itemprop=\"dateModified\"  datetime=\"2026-09-03T14:55:19+02:00\">03\/09\/2026<\/time>\r\n\t\t\t<span class=\"eut-structured-data\" itemprop=\"mainEntityOfPage\" itemscope itemtype=\"http:\/\/schema.org\/WebPage\" itemid=\"https:\/\/www.bca.ad\/es\/wes-iwundu-i-leon-radosevic-presentados-en-radio-andorra\/\"><\/span>\r\n\t\t<\/span>\r\n\t\t\t\t\t\t\t\t\t\t\t\t\t\t\t\t\t\t\t\t<ul class=\"eut-post-meta\">\r\n\t\t\t\t\t\t\t\t\t\t<li class=\"eut-post-date\">\t<time class=\"\" datetime=\"2026-09-03T14:55:19+02:00\">\r\n\t\t03\/09\/2026\t<\/time>\r\n<\/li>\t\t\t\t\t\t\t\t\t\t<\/ul>\r\n\t\t\t\t\t\t\t\t\t\t\t\t\t\t\t\t\t\t<ul class=\"eut-post-meta eut-categories\">\t<li class=\"cat-item cat-item-944\"><a href=\"https:\/\/www.bca.ad\/es\/category\/acb-es\/\">ACB<\/a>\n<\/li>\n\t<li class=\"cat-item cat-item-150\"><a href=\"https:\/\/www.bca.ad\/es\/category\/basquet-club-andorra-es\/\">B\u00e1squet Club Andorra<\/a>\n<\/li>\n\t<li class=\"cat-item cat-item-109\"><a href=\"https:\/\/www.bca.ad\/es\/category\/morabanc-andorra-es\/\">MoraBanc Andorra<\/a>\n<\/li>\n<\/ul>\t\t\t\t\t\t\t\t\t<a href=\"https:\/\/www.bca.ad\/es\/wes-iwundu-i-leon-radosevic-presentados-en-radio-andorra\/\" rel=\"bookmark\"><h2 class=\"eut-post-title eut-h6\" itemprop=\"headline\">WES IWUNDU I LEON RADO\u0160EVI\u0106, PRESENTADOS EN RADIO ANDORRA<\/h2><\/a>\t\t\t\t\t\t\t\t<\/div>\r\n\t\t\t\t\t\t\t\t<div itemprop=\"articleBody\"><p>Los dos nuevos jugadores del MoraBanc Andorra han sido presentados este jueves en el emblem\u00e1tico edificio de Radio Andorra, sede de Andorra Turisme, uno de&hellip;<\/p><\/div>\t\t\t\t\t\t\t<\/div>\r\n\t\t\t\t\t\t<\/div>\r\n\t\t\t\t\t\r\n\t\t\t\t<\/div>\t\t\t<\/article>\r\n\r\n\t\t\t<article class=\"eut-blog-item eut-isotope-item eut-bg-size-normal post-39994 post type-post status-publish format-standard has-post-thumbnail hentry category-acb-es category-basquet-club-andorra-es category-morabanc-andorra-es category-noticia-es tag-andorra-telecom-es tag-lazar-mutic-es tag-owen-aquino-es tag-presentacio tag-temporada-2026-2027-es\" itemscope itemType=\"http:\/\/schema.org\/BlogPosting\">\r\n\t\t\t\t<div class=\"eut-blog-item-inner eut-isotope-item-inner\">\r\n\t\t\t\t\t\t\t\t\t\t\t\t\t<div class=\"eut-media\">\r\n\t\t\t<a class=\"eut-item-url\" href=\"https:\/\/www.bca.ad\/es\/mutic-i-aquino-dos-caminos-con-la-misma-ambicion\/\"><span class=\"screen-reader-text\">MUTI\u0106 I AQUINO, DOS CAMINOS CON LA MISMA AMBICI\u00d3N<\/span><\/a>\r\n\t\t\t<div class=\"eut-thumbnail-wrapper\"><div class=\"eut-thumbnail\"  style=\"padding-top: 75%;\"><img loading=\"lazy\" decoding=\"async\" width=\"560\" height=\"420\" src=\"https:\/\/www.bca.ad\/wp-content\/uploads\/2026\/09\/ITSNURIAMELENDEZ-.jpg-560x420.jpeg\" class=\"attachment-crocal-eutf-small-rect-horizontal size-crocal-eutf-small-rect-horizontal eut-lazy-load lazyload wp-post-image\" alt=\"\" data-eutf-filter=\"yes\" srcset=\"https:\/\/www.bca.ad\/wp-content\/themes\/crocal\/images\/empty\/empty.png\" data-src=\"https:\/\/www.bca.ad\/wp-content\/uploads\/2026\/09\/ITSNURIAMELENDEZ-.jpg-560x420.jpeg\" data-sizes=\"auto\" data-srcset=\"https:\/\/www.bca.ad\/wp-content\/uploads\/2026\/09\/ITSNURIAMELENDEZ-.jpg-560x420.jpeg 560w, https:\/\/www.bca.ad\/wp-content\/uploads\/2026\/09\/ITSNURIAMELENDEZ-.jpg-900x675.jpeg 900w\" data-expand=\"1\" \/><\/div><\/div>\t\t\t<div class=\"eut-bg-black eut-hover-overlay eut-opacity-10\"><\/div>\r\n\t\t<\/div>\r\n\t\t\t\t\t\t<div class=\"eut-post-content-wrapper\">\r\n\t\t\t\t\t\t\t<div class=\"eut-post-content\">\r\n\t\t\t\t\t\t\t\t<div class=\"eut-post-header\">\r\n\t\t\t\t\t\t\t\t\t\t\t\t\t\t\t\t\t\t\t\t<span class=\"eut-hidden\">\r\n\t\t\t<span class=\"eut-structured-data entry-title\">MUTI\u0106 I AQUINO, DOS CAMINOS CON LA MISMA AMBICI\u00d3N<\/span>\r\n\t\t\t<span class=\"eut-structured-data\" itemprop=\"image\" itemscope itemtype=\"http:\/\/schema.org\/ImageObject\">\r\n\t\t\t   <span itemprop='url' >https:\/\/www.bca.ad\/wp-content\/uploads\/2026\/09\/ITSNURIAMELENDEZ-.jpg-scaled.jpeg<\/span>\r\n\t\t\t   <span itemprop='height' >2560<\/span>\r\n\t\t\t   <span itemprop='width' >1707<\/span>\r\n\t\t\t<\/span>\r\n\t\t\t\t\t\t<span class=\"eut-structured-data vcard author\" itemprop=\"author\" itemscope itemtype=\"http:\/\/schema.org\/Person\">\r\n\t\t\t\t<span itemprop=\"name\" class=\"fn\">BC Morabanc Andorra (web oficial)<\/span>\r\n\t\t\t<\/span>\r\n\t\t\t<span class=\"eut-structured-data\" itemprop=\"publisher\" itemscope itemtype=\"http:\/\/schema.org\/Organization\">\r\n\t\t\t\t<span itemprop='name'>BC Morabanc Andorra (web oficial)<\/span>\r\n\t\t\t\t<span itemprop='logo' itemscope itemtype='http:\/\/schema.org\/ImageObject'>\r\n\t\t\t\t\t<span itemprop='url'>https:\/\/www.bca.ad\/wp-content\/uploads\/2026\/09\/ITSNURIAMELENDEZ-.jpg-scaled.jpeg<\/span>\r\n\t\t\t\t<\/span>\r\n\t\t\t<\/span>\r\n\t\t\t\t\t\t<time class=\"eut-structured-data date published\" itemprop=\"datePublished\" datetime=\"2026-09-01T12:25:39+02:00\">01\/09\/2026<\/time>\r\n\t\t\t<time class=\"eut-structured-data date updated\" itemprop=\"dateModified\"  datetime=\"2026-09-03T14:56:26+02:00\">03\/09\/2026<\/time>\r\n\t\t\t<span class=\"eut-structured-data\" itemprop=\"mainEntityOfPage\" itemscope itemtype=\"http:\/\/schema.org\/WebPage\" itemid=\"https:\/\/www.bca.ad\/es\/mutic-i-aquino-dos-caminos-con-la-misma-ambicion\/\"><\/span>\r\n\t\t<\/span>\r\n\t\t\t\t\t\t\t\t\t\t\t\t\t\t\t\t\t\t\t\t<ul class=\"eut-post-meta\">\r\n\t\t\t\t\t\t\t\t\t\t<li class=\"eut-post-date\">\t<time class=\"\" datetime=\"2026-09-01T12:25:39+02:00\">\r\n\t\t01\/09\/2026\t<\/time>\r\n<\/li>\t\t\t\t\t\t\t\t\t\t<\/ul>\r\n\t\t\t\t\t\t\t\t\t\t\t\t\t\t\t\t\t\t<ul class=\"eut-post-meta eut-categories\">\t<li class=\"cat-item cat-item-944\"><a href=\"https:\/\/www.bca.ad\/es\/category\/acb-es\/\">ACB<\/a>\n<\/li>\n\t<li class=\"cat-item cat-item-150\"><a href=\"https:\/\/www.bca.ad\/es\/category\/basquet-club-andorra-es\/\">B\u00e1squet Club Andorra<\/a>\n<\/li>\n\t<li class=\"cat-item cat-item-109\"><a href=\"https:\/\/www.bca.ad\/es\/category\/morabanc-andorra-es\/\">MoraBanc Andorra<\/a>\n<\/li>\n\t<li class=\"cat-item cat-item-98\"><a href=\"https:\/\/www.bca.ad\/es\/category\/noticia-es\/\">Noticia<\/a>\n<\/li>\n<\/ul>\t\t\t\t\t\t\t\t\t<a href=\"https:\/\/www.bca.ad\/es\/mutic-i-aquino-dos-caminos-con-la-misma-ambicion\/\" rel=\"bookmark\"><h2 class=\"eut-post-title eut-h6\" itemprop=\"headline\">MUTI\u0106 I AQUINO, DOS CAMINOS CON LA MISMA AMBICI\u00d3N<\/h2><\/a>\t\t\t\t\t\t\t\t<\/div>\r\n\t\t\t\t\t\t\t\t<div itemprop=\"articleBody\"><p>Los dos jugadores han sido presentados este martes en el edificio Node de Andorra Telecom, en un acto en el que Jordi Ard\u00e8vol ha destacado&hellip;<\/p><\/div>\t\t\t\t\t\t\t<\/div>\r\n\t\t\t\t\t\t<\/div>\r\n\t\t\t\t\t\r\n\t\t\t\t<\/div>\t\t\t<\/article>\r\n\r\n\t\t\t<article class=\"eut-blog-item eut-isotope-item eut-bg-size-normal post-39979 post type-post status-publish format-standard has-post-thumbnail hentry category-acb-es category-basquet-club-andorra-es category-morabanc-andorra-es tag-morabanc-andorra-es2 tag-temporada-2026-2027-es\" itemscope itemType=\"http:\/\/schema.org\/BlogPosting\">\r\n\t\t\t\t<div class=\"eut-blog-item-inner eut-isotope-item-inner\">\r\n\t\t\t\t\t\t\t\t\t\t\t\t\t<div class=\"eut-media\">\r\n\t\t\t<a class=\"eut-item-url\" href=\"https:\/\/www.bca.ad\/es\/kostas-kostadinov-cedido-al-coretec-oostende\/\"><span class=\"screen-reader-text\">KOSTAS KOSTADINOV, CEDIDO AL CORETEC OOSTENDE<\/span><\/a>\r\n\t\t\t<div class=\"eut-thumbnail-wrapper\"><div class=\"eut-thumbnail\"  style=\"padding-top: 75%;\"><img loading=\"lazy\" decoding=\"async\" width=\"560\" height=\"420\" src=\"https:\/\/www.bca.ad\/wp-content\/uploads\/2026\/08\/kostas_cesio_principal-560x420.png\" class=\"attachment-crocal-eutf-small-rect-horizontal size-crocal-eutf-small-rect-horizontal eut-lazy-load lazyload wp-post-image\" alt=\"\" data-eutf-filter=\"yes\" srcset=\"https:\/\/www.bca.ad\/wp-content\/themes\/crocal\/images\/empty\/empty.png\" data-src=\"https:\/\/www.bca.ad\/wp-content\/uploads\/2026\/08\/kostas_cesio_principal-560x420.png\" data-sizes=\"auto\" data-srcset=\"https:\/\/www.bca.ad\/wp-content\/uploads\/2026\/08\/kostas_cesio_principal-560x420.png 560w, https:\/\/www.bca.ad\/wp-content\/uploads\/2026\/08\/kostas_cesio_principal-900x675.png 900w\" data-expand=\"1\" \/><\/div><\/div>\t\t\t<div class=\"eut-bg-black eut-hover-overlay eut-opacity-10\"><\/div>\r\n\t\t<\/div>\r\n\t\t\t\t\t\t<div class=\"eut-post-content-wrapper\">\r\n\t\t\t\t\t\t\t<div class=\"eut-post-content\">\r\n\t\t\t\t\t\t\t\t<div class=\"eut-post-header\">\r\n\t\t\t\t\t\t\t\t\t\t\t\t\t\t\t\t\t\t\t\t<span class=\"eut-hidden\">\r\n\t\t\t<span class=\"eut-structured-data entry-title\">KOSTAS KOSTADINOV, CEDIDO AL CORETEC OOSTENDE<\/span>\r\n\t\t\t<span class=\"eut-structured-data\" itemprop=\"image\" itemscope itemtype=\"http:\/\/schema.org\/ImageObject\">\r\n\t\t\t   <span itemprop='url' >https:\/\/www.bca.ad\/wp-content\/uploads\/2026\/08\/kostas_cesio_principal.png<\/span>\r\n\t\t\t   <span itemprop='height' >1080<\/span>\r\n\t\t\t   <span itemprop='width' >720<\/span>\r\n\t\t\t<\/span>\r\n\t\t\t\t\t\t<span class=\"eut-structured-data vcard author\" itemprop=\"author\" itemscope itemtype=\"http:\/\/schema.org\/Person\">\r\n\t\t\t\t<span itemprop=\"name\" class=\"fn\">BC Morabanc Andorra (web oficial)<\/span>\r\n\t\t\t<\/span>\r\n\t\t\t<span class=\"eut-structured-data\" itemprop=\"publisher\" itemscope itemtype=\"http:\/\/schema.org\/Organization\">\r\n\t\t\t\t<span itemprop='name'>BC Morabanc Andorra (web oficial)<\/span>\r\n\t\t\t\t<span itemprop='logo' itemscope itemtype='http:\/\/schema.org\/ImageObject'>\r\n\t\t\t\t\t<span itemprop='url'>https:\/\/www.bca.ad\/wp-content\/uploads\/2026\/08\/kostas_cesio_principal.png<\/span>\r\n\t\t\t\t<\/span>\r\n\t\t\t<\/span>\r\n\t\t\t\t\t\t<time class=\"eut-structured-data date published\" itemprop=\"datePublished\" datetime=\"2026-08-28T15:45:11+02:00\">28\/08\/2026<\/time>\r\n\t\t\t<time class=\"eut-structured-data date updated\" itemprop=\"dateModified\"  datetime=\"2026-08-28T15:45:11+02:00\">28\/08\/2026<\/time>\r\n\t\t\t<span class=\"eut-structured-data\" itemprop=\"mainEntityOfPage\" itemscope itemtype=\"http:\/\/schema.org\/WebPage\" itemid=\"https:\/\/www.bca.ad\/es\/kostas-kostadinov-cedido-al-coretec-oostende\/\"><\/span>\r\n\t\t<\/span>\r\n\t\t\t\t\t\t\t\t\t\t\t\t\t\t\t\t\t\t\t\t<ul class=\"eut-post-meta\">\r\n\t\t\t\t\t\t\t\t\t\t<li class=\"eut-post-date\">\t<time class=\"\" datetime=\"2026-08-28T15:45:11+02:00\">\r\n\t\t28\/08\/2026\t<\/time>\r\n<\/li>\t\t\t\t\t\t\t\t\t\t<\/ul>\r\n\t\t\t\t\t\t\t\t\t\t\t\t\t\t\t\t\t\t<ul class=\"eut-post-meta eut-categories\">\t<li class=\"cat-item cat-item-944\"><a href=\"https:\/\/www.bca.ad\/es\/category\/acb-es\/\">ACB<\/a>\n<\/li>\n\t<li class=\"cat-item cat-item-150\"><a href=\"https:\/\/www.bca.ad\/es\/category\/basquet-club-andorra-es\/\">B\u00e1squet Club Andorra<\/a>\n<\/li>\n\t<li class=\"cat-item cat-item-109\"><a href=\"https:\/\/www.bca.ad\/es\/category\/morabanc-andorra-es\/\">MoraBanc Andorra<\/a>\n<\/li>\n<\/ul>\t\t\t\t\t\t\t\t\t<a href=\"https:\/\/www.bca.ad\/es\/kostas-kostadinov-cedido-al-coretec-oostende\/\" rel=\"bookmark\"><h2 class=\"eut-post-title eut-h6\" itemprop=\"headline\">KOSTAS KOSTADINOV, CEDIDO AL CORETEC OOSTENDE<\/h2><\/a>\t\t\t\t\t\t\t\t<\/div>\r\n\t\t\t\t\t\t\t\t<div itemprop=\"articleBody\"><p>El jugador b\u00falgar jugar\u00e1 la temporada 2026\/2027 en el conjunto belga de la BNXT League. &nbsp; El BC MoraBanc Andorra y el Coretec Oostende han&hellip;<\/p><\/div>\t\t\t\t\t\t\t<\/div>\r\n\t\t\t\t\t\t<\/div>\r\n\t\t\t\t\t\r\n\t\t\t\t<\/div>\t\t\t<\/article>\r\n\r\n\t\t\t<article class=\"eut-blog-item eut-isotope-item eut-bg-size-normal post-39966 post type-post status-publish format-standard has-post-thumbnail hentry category-acb-es category-basquet-club-andorra-es category-morabanc-andorra-es category-noticia-es tag-equipaciones tag-gebre-es tag-presentacion tag-temporada-2026-2027-es tag-torb-es\" itemscope itemType=\"http:\/\/schema.org\/BlogPosting\">\r\n\t\t\t\t<div class=\"eut-blog-item-inner eut-isotope-item-inner\">\r\n\t\t\t\t\t\t\t\t\t\t\t\t\t<div class=\"eut-media\">\r\n\t\t\t<a class=\"eut-item-url\" href=\"https:\/\/www.bca.ad\/es\/sota-zero-llena-pyrenees-en-la-presentacion-de-las-nuevas-equipaciones-del-morabanc-andorra\/\"><span class=\"screen-reader-text\">\u201cSOTA ZERO\u201d llena Pyr\u00e9n\u00e9es en la presentaci\u00f3n de las nuevas equipaciones del MoraBanc Andorra<\/span><\/a>\r\n\t\t\t<div class=\"eut-thumbnail-wrapper\"><div class=\"eut-thumbnail\"  style=\"padding-top: 75%;\"><img loading=\"lazy\" decoding=\"async\" width=\"560\" height=\"420\" src=\"https:\/\/www.bca.ad\/wp-content\/uploads\/2026\/08\/principal_presentacioequipacions2627-560x420.png\" class=\"attachment-crocal-eutf-small-rect-horizontal size-crocal-eutf-small-rect-horizontal eut-lazy-load lazyload wp-post-image\" alt=\"\" data-eutf-filter=\"yes\" srcset=\"https:\/\/www.bca.ad\/wp-content\/themes\/crocal\/images\/empty\/empty.png\" data-src=\"https:\/\/www.bca.ad\/wp-content\/uploads\/2026\/08\/principal_presentacioequipacions2627-560x420.png\" data-sizes=\"auto\" data-srcset=\"https:\/\/www.bca.ad\/wp-content\/uploads\/2026\/08\/principal_presentacioequipacions2627-560x420.png 560w, https:\/\/www.bca.ad\/wp-content\/uploads\/2026\/08\/principal_presentacioequipacions2627-900x675.png 900w\" data-expand=\"1\" \/><\/div><\/div>\t\t\t<div class=\"eut-bg-black eut-hover-overlay eut-opacity-10\"><\/div>\r\n\t\t<\/div>\r\n\t\t\t\t\t\t<div class=\"eut-post-content-wrapper\">\r\n\t\t\t\t\t\t\t<div class=\"eut-post-content\">\r\n\t\t\t\t\t\t\t\t<div class=\"eut-post-header\">\r\n\t\t\t\t\t\t\t\t\t\t\t\t\t\t\t\t\t\t\t\t<span class=\"eut-hidden\">\r\n\t\t\t<span class=\"eut-structured-data entry-title\">\u201cSOTA ZERO\u201d llena Pyr\u00e9n\u00e9es en la presentaci\u00f3n de las nuevas equipaciones del MoraBanc Andorra<\/span>\r\n\t\t\t<span class=\"eut-structured-data\" itemprop=\"image\" itemscope itemtype=\"http:\/\/schema.org\/ImageObject\">\r\n\t\t\t   <span itemprop='url' >https:\/\/www.bca.ad\/wp-content\/uploads\/2026\/08\/principal_presentacioequipacions2627.png<\/span>\r\n\t\t\t   <span itemprop='height' >1920<\/span>\r\n\t\t\t   <span itemprop='width' >1280<\/span>\r\n\t\t\t<\/span>\r\n\t\t\t\t\t\t<span class=\"eut-structured-data vcard author\" itemprop=\"author\" itemscope itemtype=\"http:\/\/schema.org\/Person\">\r\n\t\t\t\t<span itemprop=\"name\" class=\"fn\">BC Morabanc Andorra (web oficial)<\/span>\r\n\t\t\t<\/span>\r\n\t\t\t<span class=\"eut-structured-data\" itemprop=\"publisher\" itemscope itemtype=\"http:\/\/schema.org\/Organization\">\r\n\t\t\t\t<span itemprop='name'>BC Morabanc Andorra (web oficial)<\/span>\r\n\t\t\t\t<span itemprop='logo' itemscope itemtype='http:\/\/schema.org\/ImageObject'>\r\n\t\t\t\t\t<span itemprop='url'>https:\/\/www.bca.ad\/wp-content\/uploads\/2026\/08\/principal_presentacioequipacions2627.png<\/span>\r\n\t\t\t\t<\/span>\r\n\t\t\t<\/span>\r\n\t\t\t\t\t\t<time class=\"eut-structured-data date published\" itemprop=\"datePublished\" datetime=\"2026-08-27T20:36:40+02:00\">27\/08\/2026<\/time>\r\n\t\t\t<time class=\"eut-structured-data date updated\" itemprop=\"dateModified\"  datetime=\"2026-08-27T20:36:40+02:00\">27\/08\/2026<\/time>\r\n\t\t\t<span class=\"eut-structured-data\" itemprop=\"mainEntityOfPage\" itemscope itemtype=\"http:\/\/schema.org\/WebPage\" itemid=\"https:\/\/www.bca.ad\/es\/sota-zero-llena-pyrenees-en-la-presentacion-de-las-nuevas-equipaciones-del-morabanc-andorra\/\"><\/span>\r\n\t\t<\/span>\r\n\t\t\t\t\t\t\t\t\t\t\t\t\t\t\t\t\t\t\t\t<ul class=\"eut-post-meta\">\r\n\t\t\t\t\t\t\t\t\t\t<li class=\"eut-post-date\">\t<time class=\"\" datetime=\"2026-08-27T20:36:40+02:00\">\r\n\t\t27\/08\/2026\t<\/time>\r\n<\/li>\t\t\t\t\t\t\t\t\t\t<\/ul>\r\n\t\t\t\t\t\t\t\t\t\t\t\t\t\t\t\t\t\t<ul class=\"eut-post-meta eut-categories\">\t<li class=\"cat-item cat-item-944\"><a href=\"https:\/\/www.bca.ad\/es\/category\/acb-es\/\">ACB<\/a>\n<\/li>\n\t<li class=\"cat-item cat-item-150\"><a href=\"https:\/\/www.bca.ad\/es\/category\/basquet-club-andorra-es\/\">B\u00e1squet Club Andorra<\/a>\n<\/li>\n\t<li class=\"cat-item cat-item-109\"><a href=\"https:\/\/www.bca.ad\/es\/category\/morabanc-andorra-es\/\">MoraBanc Andorra<\/a>\n<\/li>\n\t<li class=\"cat-item cat-item-98\"><a href=\"https:\/\/www.bca.ad\/es\/category\/noticia-es\/\">Noticia<\/a>\n<\/li>\n<\/ul>\t\t\t\t\t\t\t\t\t<a href=\"https:\/\/www.bca.ad\/es\/sota-zero-llena-pyrenees-en-la-presentacion-de-las-nuevas-equipaciones-del-morabanc-andorra\/\" rel=\"bookmark\"><h2 class=\"eut-post-title eut-h6\" itemprop=\"headline\">\u201cSOTA ZERO\u201d llena Pyr\u00e9n\u00e9es en la presentaci\u00f3n de las nuevas equipaciones del MoraBanc Andorra<\/h2><\/a>\t\t\t\t\t\t\t\t<\/div>\r\n\t\t\t\t\t\t\t\t<div itemprop=\"articleBody\"><p>El club presenta \u201cGebre\u201d y \u201cTorb\u201d, las dos camisetas de la temporada 2026\/2027, en una jornada que ha combinado activaci\u00f3n, espect\u00e1culo y afici\u00f3n y que&hellip;<\/p><\/div>\t\t\t\t\t\t\t<\/div>\r\n\t\t\t\t\t\t<\/div>\r\n\t\t\t\t\t\r\n\t\t\t\t<\/div>\t\t\t<\/article>\r\n\r\n\t\t\t<article class=\"eut-blog-item eut-isotope-item eut-bg-size-normal post-39964 post type-post status-publish format-standard has-post-thumbnail hentry category-acb-es category-basquet-club-andorra-es category-morabanc-andorra-es category-noticia-es tag-temporada-2026-2027-es tag-trofeu-escaldes-es\" itemscope itemType=\"http:\/\/schema.org\/BlogPosting\">\r\n\t\t\t\t<div class=\"eut-blog-item-inner eut-isotope-item-inner\">\r\n\t\t\t\t\t\t\t\t\t\t\t\t\t<div class=\"eut-media\">\r\n\t\t\t<a class=\"eut-item-url\" href=\"https:\/\/www.bca.ad\/es\/el-9o-trofeu-escaldes-engordany-previsto-para-el-2-de-setiembre-no-se-podra-disputar\/\"><span class=\"screen-reader-text\">El 9o Trofeu Escaldes-Engordany, previsto para el 2 de setiembre, no se podr\u00e1 disputar<\/span><\/a>\r\n\t\t\t<div class=\"eut-thumbnail-wrapper\"><div class=\"eut-thumbnail\"  style=\"padding-top: 75%;\"><img loading=\"lazy\" decoding=\"async\" width=\"560\" height=\"420\" src=\"https:\/\/www.bca.ad\/wp-content\/uploads\/2026\/08\/principal_escaldesanulat_2627-560x420.png\" class=\"attachment-crocal-eutf-small-rect-horizontal size-crocal-eutf-small-rect-horizontal eut-lazy-load lazyload wp-post-image\" alt=\"\" data-eutf-filter=\"yes\" srcset=\"https:\/\/www.bca.ad\/wp-content\/themes\/crocal\/images\/empty\/empty.png\" data-src=\"https:\/\/www.bca.ad\/wp-content\/uploads\/2026\/08\/principal_escaldesanulat_2627-560x420.png\" data-sizes=\"auto\" data-srcset=\"https:\/\/www.bca.ad\/wp-content\/uploads\/2026\/08\/principal_escaldesanulat_2627-560x420.png 560w, https:\/\/www.bca.ad\/wp-content\/uploads\/2026\/08\/principal_escaldesanulat_2627-900x675.png 900w\" data-expand=\"1\" \/><\/div><\/div>\t\t\t<div class=\"eut-bg-black eut-hover-overlay eut-opacity-10\"><\/div>\r\n\t\t<\/div>\r\n\t\t\t\t\t\t<div class=\"eut-post-content-wrapper\">\r\n\t\t\t\t\t\t\t<div class=\"eut-post-content\">\r\n\t\t\t\t\t\t\t\t<div class=\"eut-post-header\">\r\n\t\t\t\t\t\t\t\t\t\t\t\t\t\t\t\t\t\t\t\t<span class=\"eut-hidden\">\r\n\t\t\t<span class=\"eut-structured-data entry-title\">El 9o Trofeu Escaldes-Engordany, previsto para el 2 de setiembre, no se podr\u00e1 disputar<\/span>\r\n\t\t\t<span class=\"eut-structured-data\" itemprop=\"image\" itemscope itemtype=\"http:\/\/schema.org\/ImageObject\">\r\n\t\t\t   <span itemprop='url' >https:\/\/www.bca.ad\/wp-content\/uploads\/2026\/08\/principal_escaldesanulat_2627.png<\/span>\r\n\t\t\t   <span itemprop='height' >1920<\/span>\r\n\t\t\t   <span itemprop='width' >1280<\/span>\r\n\t\t\t<\/span>\r\n\t\t\t\t\t\t<span class=\"eut-structured-data vcard author\" itemprop=\"author\" itemscope itemtype=\"http:\/\/schema.org\/Person\">\r\n\t\t\t\t<span itemprop=\"name\" class=\"fn\">BC Morabanc Andorra (web oficial)<\/span>\r\n\t\t\t<\/span>\r\n\t\t\t<span class=\"eut-structured-data\" itemprop=\"publisher\" itemscope itemtype=\"http:\/\/schema.org\/Organization\">\r\n\t\t\t\t<span itemprop='name'>BC Morabanc Andorra (web oficial)<\/span>\r\n\t\t\t\t<span itemprop='logo' itemscope itemtype='http:\/\/schema.org\/ImageObject'>\r\n\t\t\t\t\t<span itemprop='url'>https:\/\/www.bca.ad\/wp-content\/uploads\/2026\/08\/principal_escaldesanulat_2627.png<\/span>\r\n\t\t\t\t<\/span>\r\n\t\t\t<\/span>\r\n\t\t\t\t\t\t<time class=\"eut-structured-data date published\" itemprop=\"datePublished\" datetime=\"2026-08-27T10:24:35+02:00\">27\/08\/2026<\/time>\r\n\t\t\t<time class=\"eut-structured-data date updated\" itemprop=\"dateModified\"  datetime=\"2026-08-27T10:24:35+02:00\">27\/08\/2026<\/time>\r\n\t\t\t<span class=\"eut-structured-data\" itemprop=\"mainEntityOfPage\" itemscope itemtype=\"http:\/\/schema.org\/WebPage\" itemid=\"https:\/\/www.bca.ad\/es\/el-9o-trofeu-escaldes-engordany-previsto-para-el-2-de-setiembre-no-se-podra-disputar\/\"><\/span>\r\n\t\t<\/span>\r\n\t\t\t\t\t\t\t\t\t\t\t\t\t\t\t\t\t\t\t\t<ul class=\"eut-post-meta\">\r\n\t\t\t\t\t\t\t\t\t\t<li class=\"eut-post-date\">\t<time class=\"\" datetime=\"2026-08-27T10:24:35+02:00\">\r\n\t\t27\/08\/2026\t<\/time>\r\n<\/li>\t\t\t\t\t\t\t\t\t\t<\/ul>\r\n\t\t\t\t\t\t\t\t\t\t\t\t\t\t\t\t\t\t<ul class=\"eut-post-meta eut-categories\">\t<li class=\"cat-item cat-item-944\"><a href=\"https:\/\/www.bca.ad\/es\/category\/acb-es\/\">ACB<\/a>\n<\/li>\n\t<li class=\"cat-item cat-item-150\"><a href=\"https:\/\/www.bca.ad\/es\/category\/basquet-club-andorra-es\/\">B\u00e1squet Club Andorra<\/a>\n<\/li>\n\t<li class=\"cat-item cat-item-109\"><a href=\"https:\/\/www.bca.ad\/es\/category\/morabanc-andorra-es\/\">MoraBanc Andorra<\/a>\n<\/li>\n\t<li class=\"cat-item cat-item-98\"><a href=\"https:\/\/www.bca.ad\/es\/category\/noticia-es\/\">Noticia<\/a>\n<\/li>\n<\/ul>\t\t\t\t\t\t\t\t\t<a href=\"https:\/\/www.bca.ad\/es\/el-9o-trofeu-escaldes-engordany-previsto-para-el-2-de-setiembre-no-se-podra-disputar\/\" rel=\"bookmark\"><h2 class=\"eut-post-title eut-h6\" itemprop=\"headline\">El 9o Trofeu Escaldes-Engordany, previsto para el 2 de setiembre, no se podr\u00e1 disputar<\/h2><\/a>\t\t\t\t\t\t\t\t<\/div>\r\n\t\t\t\t\t\t\t\t<div itemprop=\"articleBody\"><p>El partido de pretemporada entre el MoraBanc Andorra y el Recoletas Salud San Pablo Burgos queda cancelado por causas vinculadas al conjunto burgal\u00e9s. El BC&hellip;<\/p><\/div>\t\t\t\t\t\t\t<\/div>\r\n\t\t\t\t\t\t<\/div>\r\n\t\t\t\t\t\r\n\t\t\t\t<\/div>\t\t\t<\/article>\r\n\r\n\t\t\t<article class=\"eut-blog-item eut-isotope-item eut-bg-size-normal post-39956 post type-post status-publish format-standard has-post-thumbnail hentry category-acb category-basquet-club-andorra category-morabanc-andorra category-noticia tag-cameron-mcgriff tag-james-akinjo tag-morabanc-2 tag-presentacio tag-temporada-2026-2027\" itemscope itemType=\"http:\/\/schema.org\/BlogPosting\">\r\n\t\t\t\t<div class=\"eut-blog-item-inner eut-isotope-item-inner\">\r\n\t\t\t\t\t\t\t\t\t\t\t\t\t<div class=\"eut-media\">\r\n\t\t\t<a class=\"eut-item-url\" href=\"https:\/\/www.bca.ad\/es\/presentacio-akinjo-i-mcgriff-morabanc-2627\/\"><span class=\"screen-reader-text\">Akinjo i McGriff, presentats a la Seu de MoraBanc<\/span><\/a>\r\n\t\t\t<div class=\"eut-thumbnail-wrapper\"><div class=\"eut-thumbnail\"  style=\"padding-top: 75%;\"><img loading=\"lazy\" decoding=\"async\" width=\"560\" height=\"420\" src=\"https:\/\/www.bca.ad\/wp-content\/uploads\/2026\/08\/principal_presentacio_akinjo_mcgriff_2627_ok-560x420.png\" class=\"attachment-crocal-eutf-small-rect-horizontal size-crocal-eutf-small-rect-horizontal eut-lazy-load lazyload wp-post-image\" alt=\"\" data-eutf-filter=\"yes\" srcset=\"https:\/\/www.bca.ad\/wp-content\/themes\/crocal\/images\/empty\/empty.png\" data-src=\"https:\/\/www.bca.ad\/wp-content\/uploads\/2026\/08\/principal_presentacio_akinjo_mcgriff_2627_ok-560x420.png\" data-sizes=\"auto\" data-srcset=\"https:\/\/www.bca.ad\/wp-content\/uploads\/2026\/08\/principal_presentacio_akinjo_mcgriff_2627_ok-560x420.png 560w, https:\/\/www.bca.ad\/wp-content\/uploads\/2026\/08\/principal_presentacio_akinjo_mcgriff_2627_ok-900x675.png 900w\" data-expand=\"1\" \/><\/div><\/div>\t\t\t<div class=\"eut-bg-black eut-hover-overlay eut-opacity-10\"><\/div>\r\n\t\t<\/div>\r\n\t\t\t\t\t\t<div class=\"eut-post-content-wrapper\">\r\n\t\t\t\t\t\t\t<div class=\"eut-post-content\">\r\n\t\t\t\t\t\t\t\t<div class=\"eut-post-header\">\r\n\t\t\t\t\t\t\t\t\t\t\t\t\t\t\t\t\t\t\t\t<span class=\"eut-hidden\">\r\n\t\t\t<span class=\"eut-structured-data entry-title\">Akinjo i McGriff, presentats a la Seu de MoraBanc<\/span>\r\n\t\t\t<span class=\"eut-structured-data\" itemprop=\"image\" itemscope itemtype=\"http:\/\/schema.org\/ImageObject\">\r\n\t\t\t   <span itemprop='url' >https:\/\/www.bca.ad\/wp-content\/uploads\/2026\/08\/principal_presentacio_akinjo_mcgriff_2627_ok.png<\/span>\r\n\t\t\t   <span itemprop='height' >1920<\/span>\r\n\t\t\t   <span itemprop='width' >1280<\/span>\r\n\t\t\t<\/span>\r\n\t\t\t\t\t\t<span class=\"eut-structured-data vcard author\" itemprop=\"author\" itemscope itemtype=\"http:\/\/schema.org\/Person\">\r\n\t\t\t\t<span itemprop=\"name\" class=\"fn\">BC Morabanc Andorra (web oficial)<\/span>\r\n\t\t\t<\/span>\r\n\t\t\t<span class=\"eut-structured-data\" itemprop=\"publisher\" itemscope itemtype=\"http:\/\/schema.org\/Organization\">\r\n\t\t\t\t<span itemprop='name'>BC Morabanc Andorra (web oficial)<\/span>\r\n\t\t\t\t<span itemprop='logo' itemscope itemtype='http:\/\/schema.org\/ImageObject'>\r\n\t\t\t\t\t<span itemprop='url'>https:\/\/www.bca.ad\/wp-content\/uploads\/2026\/08\/principal_presentacio_akinjo_mcgriff_2627_ok.png<\/span>\r\n\t\t\t\t<\/span>\r\n\t\t\t<\/span>\r\n\t\t\t\t\t\t<time class=\"eut-structured-data date published\" itemprop=\"datePublished\" datetime=\"2026-08-26T19:58:54+02:00\">26\/08\/2026<\/time>\r\n\t\t\t<time class=\"eut-structured-data date updated\" itemprop=\"dateModified\"  datetime=\"2026-08-26T19:58:54+02:00\">26\/08\/2026<\/time>\r\n\t\t\t<span class=\"eut-structured-data\" itemprop=\"mainEntityOfPage\" itemscope itemtype=\"http:\/\/schema.org\/WebPage\" itemid=\"https:\/\/www.bca.ad\/es\/presentacio-akinjo-i-mcgriff-morabanc-2627\/\"><\/span>\r\n\t\t<\/span>\r\n\t\t\t\t\t\t\t\t\t\t\t\t\t\t\t\t\t\t\t\t<ul class=\"eut-post-meta\">\r\n\t\t\t\t\t\t\t\t\t\t<li class=\"eut-post-date\">\t<time class=\"\" datetime=\"2026-08-26T19:58:54+02:00\">\r\n\t\t26\/08\/2026\t<\/time>\r\n<\/li>\t\t\t\t\t\t\t\t\t\t<\/ul>\r\n\t\t\t\t\t\t\t\t\t\t\t\t\t\t\t\t\t\t<ul class=\"eut-post-meta eut-categories\">\t<li class=\"cat-item cat-item-944\"><a href=\"https:\/\/www.bca.ad\/es\/category\/acb-es\/\">ACB<\/a>\n<\/li>\n\t<li class=\"cat-item cat-item-150\"><a href=\"https:\/\/www.bca.ad\/es\/category\/basquet-club-andorra-es\/\">B\u00e1squet Club Andorra<\/a>\n<\/li>\n\t<li class=\"cat-item cat-item-109\"><a href=\"https:\/\/www.bca.ad\/es\/category\/morabanc-andorra-es\/\">MoraBanc Andorra<\/a>\n<\/li>\n\t<li class=\"cat-item cat-item-98\"><a href=\"https:\/\/www.bca.ad\/es\/category\/noticia-es\/\">Noticia<\/a>\n<\/li>\n<\/ul>\t\t\t\t\t\t\t\t\t<a href=\"https:\/\/www.bca.ad\/es\/presentacio-akinjo-i-mcgriff-morabanc-2627\/\" rel=\"bookmark\"><h2 class=\"eut-post-title eut-h6\" itemprop=\"headline\">Akinjo i McGriff, presentats a la Seu de MoraBanc<\/h2><\/a>\t\t\t\t\t\t\t\t<\/div>\r\n\t\t\t\t\t\t\t\t<div itemprop=\"articleBody\"><p>James Akinjo i Cameron McGriff han estat presentats aquest dimecres a la seu central de MoraBanc com dos perfils que responen a l\u2019aposta del club&hellip;<\/p><\/div>\t\t\t\t\t\t\t<\/div>\r\n\t\t\t\t\t\t<\/div>\r\n\t\t\t\t\t\r\n\t\t\t\t<\/div>\t\t\t<\/article>\r\n\r\n\t\t\t<article class=\"eut-blog-item eut-isotope-item eut-bg-size-normal post-39951 post type-post status-publish format-standard has-post-thumbnail hentry category-acb category-basquet-club-andorra category-morabanc-andorra category-noticia category-patrocinadors tag-encamp tag-temporada-2026-2027 tag-viii-trofeu-dencamp\" itemscope itemType=\"http:\/\/schema.org\/BlogPosting\">\r\n\t\t\t\t<div class=\"eut-blog-item-inner eut-isotope-item-inner\">\r\n\t\t\t\t\t\t\t\t\t\t\t\t\t<div class=\"eut-media\">\r\n\t\t\t<a class=\"eut-item-url\" href=\"https:\/\/www.bca.ad\/es\/encamp-i-el-morabanc-andorra-renoven-26-27\/\"><span class=\"screen-reader-text\">Encamp i el MoraBanc Andorra renoven una alian\u00e7a que va m\u00e9s enll\u00e0 de la pista<\/span><\/a>\r\n\t\t\t<div class=\"eut-thumbnail-wrapper\"><div class=\"eut-thumbnail\"  style=\"padding-top: 75%;\"><img loading=\"lazy\" decoding=\"async\" width=\"560\" height=\"420\" src=\"https:\/\/www.bca.ad\/wp-content\/uploads\/2026\/08\/principal_viiitrofeuencamp_2627-560x420.jpg\" class=\"attachment-crocal-eutf-small-rect-horizontal size-crocal-eutf-small-rect-horizontal eut-lazy-load lazyload wp-post-image\" alt=\"\" data-eutf-filter=\"yes\" srcset=\"https:\/\/www.bca.ad\/wp-content\/themes\/crocal\/images\/empty\/empty.png\" data-src=\"https:\/\/www.bca.ad\/wp-content\/uploads\/2026\/08\/principal_viiitrofeuencamp_2627-560x420.jpg\" data-sizes=\"auto\" data-srcset=\"https:\/\/www.bca.ad\/wp-content\/uploads\/2026\/08\/principal_viiitrofeuencamp_2627-560x420.jpg 560w, https:\/\/www.bca.ad\/wp-content\/uploads\/2026\/08\/principal_viiitrofeuencamp_2627-900x675.jpg 900w\" data-expand=\"1\" \/><\/div><\/div>\t\t\t<div class=\"eut-bg-black eut-hover-overlay eut-opacity-10\"><\/div>\r\n\t\t<\/div>\r\n\t\t\t\t\t\t<div class=\"eut-post-content-wrapper\">\r\n\t\t\t\t\t\t\t<div class=\"eut-post-content\">\r\n\t\t\t\t\t\t\t\t<div class=\"eut-post-header\">\r\n\t\t\t\t\t\t\t\t\t\t\t\t\t\t\t\t\t\t\t\t<span class=\"eut-hidden\">\r\n\t\t\t<span class=\"eut-structured-data entry-title\">Encamp i el MoraBanc Andorra renoven una alian\u00e7a que va m\u00e9s enll\u00e0 de la pista<\/span>\r\n\t\t\t<span class=\"eut-structured-data\" itemprop=\"image\" itemscope itemtype=\"http:\/\/schema.org\/ImageObject\">\r\n\t\t\t   <span itemprop='url' >https:\/\/www.bca.ad\/wp-content\/uploads\/2026\/08\/principal_viiitrofeuencamp_2627.jpg<\/span>\r\n\t\t\t   <span itemprop='height' >1920<\/span>\r\n\t\t\t   <span itemprop='width' >1280<\/span>\r\n\t\t\t<\/span>\r\n\t\t\t\t\t\t<span class=\"eut-structured-data vcard author\" itemprop=\"author\" itemscope itemtype=\"http:\/\/schema.org\/Person\">\r\n\t\t\t\t<span itemprop=\"name\" class=\"fn\">BC Morabanc Andorra (web oficial)<\/span>\r\n\t\t\t<\/span>\r\n\t\t\t<span class=\"eut-structured-data\" itemprop=\"publisher\" itemscope itemtype=\"http:\/\/schema.org\/Organization\">\r\n\t\t\t\t<span itemprop='name'>BC Morabanc Andorra (web oficial)<\/span>\r\n\t\t\t\t<span itemprop='logo' itemscope itemtype='http:\/\/schema.org\/ImageObject'>\r\n\t\t\t\t\t<span itemprop='url'>https:\/\/www.bca.ad\/wp-content\/uploads\/2026\/08\/principal_viiitrofeuencamp_2627.jpg<\/span>\r\n\t\t\t\t<\/span>\r\n\t\t\t<\/span>\r\n\t\t\t\t\t\t<time class=\"eut-structured-data date published\" itemprop=\"datePublished\" datetime=\"2026-08-24T18:09:56+02:00\">24\/08\/2026<\/time>\r\n\t\t\t<time class=\"eut-structured-data date updated\" itemprop=\"dateModified\"  datetime=\"2026-08-24T22:19:26+02:00\">24\/08\/2026<\/time>\r\n\t\t\t<span class=\"eut-structured-data\" itemprop=\"mainEntityOfPage\" itemscope itemtype=\"http:\/\/schema.org\/WebPage\" itemid=\"https:\/\/www.bca.ad\/es\/encamp-i-el-morabanc-andorra-renoven-26-27\/\"><\/span>\r\n\t\t<\/span>\r\n\t\t\t\t\t\t\t\t\t\t\t\t\t\t\t\t\t\t\t\t<ul class=\"eut-post-meta\">\r\n\t\t\t\t\t\t\t\t\t\t<li class=\"eut-post-date\">\t<time class=\"\" datetime=\"2026-08-24T18:09:56+02:00\">\r\n\t\t24\/08\/2026\t<\/time>\r\n<\/li>\t\t\t\t\t\t\t\t\t\t<\/ul>\r\n\t\t\t\t\t\t\t\t\t\t\t\t\t\t\t\t\t\t<ul class=\"eut-post-meta eut-categories\">\t<li class=\"cat-item cat-item-944\"><a href=\"https:\/\/www.bca.ad\/es\/category\/acb-es\/\">ACB<\/a>\n<\/li>\n\t<li class=\"cat-item cat-item-150\"><a href=\"https:\/\/www.bca.ad\/es\/category\/basquet-club-andorra-es\/\">B\u00e1squet Club Andorra<\/a>\n<\/li>\n\t<li class=\"cat-item cat-item-109\"><a href=\"https:\/\/www.bca.ad\/es\/category\/morabanc-andorra-es\/\">MoraBanc Andorra<\/a>\n<\/li>\n\t<li class=\"cat-item cat-item-98\"><a href=\"https:\/\/www.bca.ad\/es\/category\/noticia-es\/\">Noticia<\/a>\n<\/li>\n\t<li class=\"cat-item cat-item-157\"><a href=\"https:\/\/www.bca.ad\/es\/category\/patrocinadores\/\">Patrocinadores<\/a>\n<\/li>\n<\/ul>\t\t\t\t\t\t\t\t\t<a href=\"https:\/\/www.bca.ad\/es\/encamp-i-el-morabanc-andorra-renoven-26-27\/\" rel=\"bookmark\"><h2 class=\"eut-post-title eut-h6\" itemprop=\"headline\">Encamp i el MoraBanc Andorra renoven una alian\u00e7a que va m\u00e9s enll\u00e0 de la pista<\/h2><\/a>\t\t\t\t\t\t\t\t<\/div>\r\n\t\t\t\t\t\t\t\t<div itemprop=\"articleBody\"><p>El Com\u00fa d\u2019Encamp i el club donen continu\u00eftat, per vuitena temporada, a un conveni que inclou l\u2019estada de pretemporada al Pas de la Casa, el&hellip;<\/p><\/div>\t\t\t\t\t\t\t<\/div>\r\n\t\t\t\t\t\t<\/div>\r\n\t\t\t\t\t\r\n\t\t\t\t<\/div>\t\t\t<\/article>\r\n\r\n\t\t\t<article class=\"eut-blog-item eut-isotope-item eut-bg-size-normal post-39950 post type-post status-publish format-standard has-post-thumbnail hentry category-acb-es category-base-es category-basquet-club-andorra-es category-morabanc-andorra-es category-noticia-es tag-bc-morabanc-andorra-es tag-temporada-2026-2027-es\" itemscope itemType=\"http:\/\/schema.org\/BlogPosting\">\r\n\t\t\t\t<div class=\"eut-blog-item-inner eut-isotope-item-inner\">\r\n\t\t\t\t\t\t\t\t\t\t\t\t\t<div class=\"eut-media\">\r\n\t\t\t<a class=\"eut-item-url\" href=\"https:\/\/www.bca.ad\/es\/bajo-cero-el-bc-morabanc-andorra-presenta-las-camisetas-para-la-temporada-26-27\/\"><span class=\"screen-reader-text\">BAJO CERO: EL BC MORABANC ANDORRA PRESENTA LAS CAMISETAS PARA LA TEMPORADA 26\/27<\/span><\/a>\r\n\t\t\t<div class=\"eut-thumbnail-wrapper\"><div class=\"eut-thumbnail\"  style=\"padding-top: 75%;\"><img loading=\"lazy\" decoding=\"async\" width=\"560\" height=\"420\" src=\"https:\/\/www.bca.ad\/wp-content\/uploads\/2026\/08\/SotaZeroweb-560x420.png\" class=\"attachment-crocal-eutf-small-rect-horizontal size-crocal-eutf-small-rect-horizontal eut-lazy-load lazyload wp-post-image\" alt=\"\" data-eutf-filter=\"yes\" srcset=\"https:\/\/www.bca.ad\/wp-content\/themes\/crocal\/images\/empty\/empty.png\" data-src=\"https:\/\/www.bca.ad\/wp-content\/uploads\/2026\/08\/SotaZeroweb-560x420.png\" data-sizes=\"auto\" data-srcset=\"https:\/\/www.bca.ad\/wp-content\/uploads\/2026\/08\/SotaZeroweb-560x420.png 560w, https:\/\/www.bca.ad\/wp-content\/uploads\/2026\/08\/SotaZeroweb-900x675.png 900w\" data-expand=\"1\" \/><\/div><\/div>\t\t\t<div class=\"eut-bg-black eut-hover-overlay eut-opacity-10\"><\/div>\r\n\t\t<\/div>\r\n\t\t\t\t\t\t<div class=\"eut-post-content-wrapper\">\r\n\t\t\t\t\t\t\t<div class=\"eut-post-content\">\r\n\t\t\t\t\t\t\t\t<div class=\"eut-post-header\">\r\n\t\t\t\t\t\t\t\t\t\t\t\t\t\t\t\t\t\t\t\t<span class=\"eut-hidden\">\r\n\t\t\t<span class=\"eut-structured-data entry-title\">BAJO CERO: EL BC MORABANC ANDORRA PRESENTA LAS CAMISETAS PARA LA TEMPORADA 26\/27<\/span>\r\n\t\t\t<span class=\"eut-structured-data\" itemprop=\"image\" itemscope itemtype=\"http:\/\/schema.org\/ImageObject\">\r\n\t\t\t   <span itemprop='url' >https:\/\/www.bca.ad\/wp-content\/uploads\/2026\/08\/SotaZeroweb.png<\/span>\r\n\t\t\t   <span itemprop='height' >1920<\/span>\r\n\t\t\t   <span itemprop='width' >1080<\/span>\r\n\t\t\t<\/span>\r\n\t\t\t\t\t\t<span class=\"eut-structured-data vcard author\" itemprop=\"author\" itemscope itemtype=\"http:\/\/schema.org\/Person\">\r\n\t\t\t\t<span itemprop=\"name\" class=\"fn\">BC Morabanc Andorra (web oficial)<\/span>\r\n\t\t\t<\/span>\r\n\t\t\t<span class=\"eut-structured-data\" itemprop=\"publisher\" itemscope itemtype=\"http:\/\/schema.org\/Organization\">\r\n\t\t\t\t<span itemprop='name'>BC Morabanc Andorra (web oficial)<\/span>\r\n\t\t\t\t<span itemprop='logo' itemscope itemtype='http:\/\/schema.org\/ImageObject'>\r\n\t\t\t\t\t<span itemprop='url'>https:\/\/www.bca.ad\/wp-content\/uploads\/2026\/08\/SotaZeroweb.png<\/span>\r\n\t\t\t\t<\/span>\r\n\t\t\t<\/span>\r\n\t\t\t\t\t\t<time class=\"eut-structured-data date published\" itemprop=\"datePublished\" datetime=\"2026-08-23T12:49:24+02:00\">23\/08\/2026<\/time>\r\n\t\t\t<time class=\"eut-structured-data date updated\" itemprop=\"dateModified\"  datetime=\"2026-08-23T12:49:30+02:00\">23\/08\/2026<\/time>\r\n\t\t\t<span class=\"eut-structured-data\" itemprop=\"mainEntityOfPage\" itemscope itemtype=\"http:\/\/schema.org\/WebPage\" itemid=\"https:\/\/www.bca.ad\/es\/bajo-cero-el-bc-morabanc-andorra-presenta-las-camisetas-para-la-temporada-26-27\/\"><\/span>\r\n\t\t<\/span>\r\n\t\t\t\t\t\t\t\t\t\t\t\t\t\t\t\t\t\t\t\t<ul class=\"eut-post-meta\">\r\n\t\t\t\t\t\t\t\t\t\t<li class=\"eut-post-date\">\t<time class=\"\" datetime=\"2026-08-23T12:49:24+02:00\">\r\n\t\t23\/08\/2026\t<\/time>\r\n<\/li>\t\t\t\t\t\t\t\t\t\t<\/ul>\r\n\t\t\t\t\t\t\t\t\t\t\t\t\t\t\t\t\t\t<ul class=\"eut-post-meta eut-categories\">\t<li class=\"cat-item cat-item-944\"><a href=\"https:\/\/www.bca.ad\/es\/category\/acb-es\/\">ACB<\/a>\n<\/li>\n\t<li class=\"cat-item cat-item-963\"><a href=\"https:\/\/www.bca.ad\/es\/category\/base-es\/\">Base<\/a>\n<\/li>\n\t<li class=\"cat-item cat-item-150\"><a href=\"https:\/\/www.bca.ad\/es\/category\/basquet-club-andorra-es\/\">B\u00e1squet Club Andorra<\/a>\n<\/li>\n\t<li class=\"cat-item cat-item-109\"><a href=\"https:\/\/www.bca.ad\/es\/category\/morabanc-andorra-es\/\">MoraBanc Andorra<\/a>\n<\/li>\n\t<li class=\"cat-item cat-item-98\"><a href=\"https:\/\/www.bca.ad\/es\/category\/noticia-es\/\">Noticia<\/a>\n<\/li>\n<\/ul>\t\t\t\t\t\t\t\t\t<a href=\"https:\/\/www.bca.ad\/es\/bajo-cero-el-bc-morabanc-andorra-presenta-las-camisetas-para-la-temporada-26-27\/\" rel=\"bookmark\"><h2 class=\"eut-post-title eut-h6\" itemprop=\"headline\">BAJO CERO: EL BC MORABANC ANDORRA PRESENTA LAS CAMISETAS PARA LA TEMPORADA 26\/27<\/h2><\/a>\t\t\t\t\t\t\t\t<\/div>\r\n\t\t\t\t\t\t\t\t<div itemprop=\"articleBody\"><p>El club dar\u00e1 a conocer el jueves 27 de agosto las camisetas del primer equipo y, por primera vez, tambi\u00e9n las de la Base, en&hellip;<\/p><\/div>\t\t\t\t\t\t\t<\/div>\r\n\t\t\t\t\t\t<\/div>\r\n\t\t\t\t\t\r\n\t\t\t\t<\/div>\t\t\t<\/article>\r\n\r\n\t\t\t<article class=\"eut-blog-item eut-isotope-item eut-bg-size-normal post-39945 post type-post status-publish format-standard has-post-thumbnail hentry category-acb-es category-basquet-club-andorra-es category-morabanc-andorra-es category-noticia-es tag-pretemporada-es-2 tag-primer-entrenamiento tag-temporada-2026-2027-es\" itemscope itemType=\"http:\/\/schema.org\/BlogPosting\">\r\n\t\t\t\t<div class=\"eut-blog-item-inner eut-isotope-item-inner\">\r\n\t\t\t\t\t\t\t\t\t\t\t\t\t<div class=\"eut-media\">\r\n\t\t\t<a class=\"eut-item-url\" href=\"https:\/\/www.bca.ad\/es\/primeros-pasos-en-pista-del-nuevo-morabanc-andorra\/\"><span class=\"screen-reader-text\">Primeros pasos en pista del nuevo MoraBanc Andorra<\/span><\/a>\r\n\t\t\t<div class=\"eut-thumbnail-wrapper\"><div class=\"eut-thumbnail\"  style=\"padding-top: 75%;\"><img loading=\"lazy\" decoding=\"async\" width=\"560\" height=\"420\" src=\"https:\/\/www.bca.ad\/wp-content\/uploads\/2026\/08\/principal_primerentrenament_2627-560x420.png\" class=\"attachment-crocal-eutf-small-rect-horizontal size-crocal-eutf-small-rect-horizontal eut-lazy-load lazyload wp-post-image\" alt=\"\" data-eutf-filter=\"yes\" srcset=\"https:\/\/www.bca.ad\/wp-content\/themes\/crocal\/images\/empty\/empty.png\" data-src=\"https:\/\/www.bca.ad\/wp-content\/uploads\/2026\/08\/principal_primerentrenament_2627-560x420.png\" data-sizes=\"auto\" data-srcset=\"https:\/\/www.bca.ad\/wp-content\/uploads\/2026\/08\/principal_primerentrenament_2627-560x420.png 560w, https:\/\/www.bca.ad\/wp-content\/uploads\/2026\/08\/principal_primerentrenament_2627-900x675.png 900w\" data-expand=\"1\" \/><\/div><\/div>\t\t\t<div class=\"eut-bg-black eut-hover-overlay eut-opacity-10\"><\/div>\r\n\t\t<\/div>\r\n\t\t\t\t\t\t<div class=\"eut-post-content-wrapper\">\r\n\t\t\t\t\t\t\t<div class=\"eut-post-content\">\r\n\t\t\t\t\t\t\t\t<div class=\"eut-post-header\">\r\n\t\t\t\t\t\t\t\t\t\t\t\t\t\t\t\t\t\t\t\t<span class=\"eut-hidden\">\r\n\t\t\t<span class=\"eut-structured-data entry-title\">Primeros pasos en pista del nuevo MoraBanc Andorra<\/span>\r\n\t\t\t<span class=\"eut-structured-data\" itemprop=\"image\" itemscope itemtype=\"http:\/\/schema.org\/ImageObject\">\r\n\t\t\t   <span itemprop='url' >https:\/\/www.bca.ad\/wp-content\/uploads\/2026\/08\/principal_primerentrenament_2627.png<\/span>\r\n\t\t\t   <span itemprop='height' >1400<\/span>\r\n\t\t\t   <span itemprop='width' >933<\/span>\r\n\t\t\t<\/span>\r\n\t\t\t\t\t\t<span class=\"eut-structured-data vcard author\" itemprop=\"author\" itemscope itemtype=\"http:\/\/schema.org\/Person\">\r\n\t\t\t\t<span itemprop=\"name\" class=\"fn\">BC Morabanc Andorra (web oficial)<\/span>\r\n\t\t\t<\/span>\r\n\t\t\t<span class=\"eut-structured-data\" itemprop=\"publisher\" itemscope itemtype=\"http:\/\/schema.org\/Organization\">\r\n\t\t\t\t<span itemprop='name'>BC Morabanc Andorra (web oficial)<\/span>\r\n\t\t\t\t<span itemprop='logo' itemscope itemtype='http:\/\/schema.org\/ImageObject'>\r\n\t\t\t\t\t<span itemprop='url'>https:\/\/www.bca.ad\/wp-content\/uploads\/2026\/08\/principal_primerentrenament_2627.png<\/span>\r\n\t\t\t\t<\/span>\r\n\t\t\t<\/span>\r\n\t\t\t\t\t\t<time class=\"eut-structured-data date published\" itemprop=\"datePublished\" datetime=\"2026-08-19T14:22:47+02:00\">19\/08\/2026<\/time>\r\n\t\t\t<time class=\"eut-structured-data date updated\" itemprop=\"dateModified\"  datetime=\"2026-08-23T17:40:06+02:00\">23\/08\/2026<\/time>\r\n\t\t\t<span class=\"eut-structured-data\" itemprop=\"mainEntityOfPage\" itemscope itemtype=\"http:\/\/schema.org\/WebPage\" itemid=\"https:\/\/www.bca.ad\/es\/primeros-pasos-en-pista-del-nuevo-morabanc-andorra\/\"><\/span>\r\n\t\t<\/span>\r\n\t\t\t\t\t\t\t\t\t\t\t\t\t\t\t\t\t\t\t\t<ul class=\"eut-post-meta\">\r\n\t\t\t\t\t\t\t\t\t\t<li class=\"eut-post-date\">\t<time class=\"\" datetime=\"2026-08-19T14:22:47+02:00\">\r\n\t\t19\/08\/2026\t<\/time>\r\n<\/li>\t\t\t\t\t\t\t\t\t\t<\/ul>\r\n\t\t\t\t\t\t\t\t\t\t\t\t\t\t\t\t\t\t<ul class=\"eut-post-meta eut-categories\">\t<li class=\"cat-item cat-item-944\"><a href=\"https:\/\/www.bca.ad\/es\/category\/acb-es\/\">ACB<\/a>\n<\/li>\n\t<li class=\"cat-item cat-item-150\"><a href=\"https:\/\/www.bca.ad\/es\/category\/basquet-club-andorra-es\/\">B\u00e1squet Club Andorra<\/a>\n<\/li>\n\t<li class=\"cat-item cat-item-109\"><a href=\"https:\/\/www.bca.ad\/es\/category\/morabanc-andorra-es\/\">MoraBanc Andorra<\/a>\n<\/li>\n\t<li class=\"cat-item cat-item-98\"><a href=\"https:\/\/www.bca.ad\/es\/category\/noticia-es\/\">Noticia<\/a>\n<\/li>\n<\/ul>\t\t\t\t\t\t\t\t\t<a href=\"https:\/\/www.bca.ad\/es\/primeros-pasos-en-pista-del-nuevo-morabanc-andorra\/\" rel=\"bookmark\"><h2 class=\"eut-post-title eut-h6\" itemprop=\"headline\">Primeros pasos en pista del nuevo MoraBanc Andorra<\/h2><\/a>\t\t\t\t\t\t\t\t<\/div>\r\n\t\t\t\t\t\t\t\t<div itemprop=\"articleBody\"><p>El primer equipo inicia los entrenamientos despu\u00e9s de las valoraciones m\u00e9dicas con el objetivo de construir un nuevo proyecto marcado por la ambici\u00f3n y la&hellip;<\/p><\/div>\t\t\t\t\t\t\t<\/div>\r\n\t\t\t\t\t\t<\/div>\r\n\t\t\t\t\t\r\n\t\t\t\t<\/div>\t\t\t<\/article>\r\n\r\n\t\t\t<article class=\"eut-blog-item eut-isotope-item eut-bg-size-normal post-39940 post type-post status-publish format-standard has-post-thumbnail hentry category-acb-es category-basquet-club-andorra-es category-morabanc-andorra-es category-noticia-es tag-morabanc-andorra-es2 tag-pretemporada-es-2 tag-temporada-2026-2027-es\" itemscope itemType=\"http:\/\/schema.org\/BlogPosting\">\r\n\t\t\t\t<div class=\"eut-blog-item-inner eut-isotope-item-inner\">\r\n\t\t\t\t\t\t\t\t\t\t\t\t\t<div class=\"eut-media\">\r\n\t\t\t<a class=\"eut-item-url\" href=\"https:\/\/www.bca.ad\/es\/puesta-en-marcha-con-las-primeras-revisiones\/\"><span class=\"screen-reader-text\">Puesta en marcha con las primeras revisiones<\/span><\/a>\r\n\t\t\t<div class=\"eut-thumbnail-wrapper\"><div class=\"eut-thumbnail\"  style=\"padding-top: 75%;\"><img loading=\"lazy\" decoding=\"async\" width=\"560\" height=\"420\" src=\"https:\/\/www.bca.ad\/wp-content\/uploads\/2026\/08\/principal_web_revisions_1920x1280-560x420.jpg\" class=\"attachment-crocal-eutf-small-rect-horizontal size-crocal-eutf-small-rect-horizontal eut-lazy-load lazyload wp-post-image\" alt=\"\" data-eutf-filter=\"yes\" srcset=\"https:\/\/www.bca.ad\/wp-content\/themes\/crocal\/images\/empty\/empty.png\" data-src=\"https:\/\/www.bca.ad\/wp-content\/uploads\/2026\/08\/principal_web_revisions_1920x1280-560x420.jpg\" data-sizes=\"auto\" data-srcset=\"https:\/\/www.bca.ad\/wp-content\/uploads\/2026\/08\/principal_web_revisions_1920x1280-560x420.jpg 560w, https:\/\/www.bca.ad\/wp-content\/uploads\/2026\/08\/principal_web_revisions_1920x1280-900x675.jpg 900w\" data-expand=\"1\" \/><\/div><\/div>\t\t\t<div class=\"eut-bg-black eut-hover-overlay eut-opacity-10\"><\/div>\r\n\t\t<\/div>\r\n\t\t\t\t\t\t<div class=\"eut-post-content-wrapper\">\r\n\t\t\t\t\t\t\t<div class=\"eut-post-content\">\r\n\t\t\t\t\t\t\t\t<div class=\"eut-post-header\">\r\n\t\t\t\t\t\t\t\t\t\t\t\t\t\t\t\t\t\t\t\t<span class=\"eut-hidden\">\r\n\t\t\t<span class=\"eut-structured-data entry-title\">Puesta en marcha con las primeras revisiones<\/span>\r\n\t\t\t<span class=\"eut-structured-data\" itemprop=\"image\" itemscope itemtype=\"http:\/\/schema.org\/ImageObject\">\r\n\t\t\t   <span itemprop='url' >https:\/\/www.bca.ad\/wp-content\/uploads\/2026\/08\/principal_web_revisions_1920x1280.jpg<\/span>\r\n\t\t\t   <span itemprop='height' >1500<\/span>\r\n\t\t\t   <span itemprop='width' >1000<\/span>\r\n\t\t\t<\/span>\r\n\t\t\t\t\t\t<span class=\"eut-structured-data vcard author\" itemprop=\"author\" itemscope itemtype=\"http:\/\/schema.org\/Person\">\r\n\t\t\t\t<span itemprop=\"name\" class=\"fn\">BC Morabanc Andorra (web oficial)<\/span>\r\n\t\t\t<\/span>\r\n\t\t\t<span class=\"eut-structured-data\" itemprop=\"publisher\" itemscope itemtype=\"http:\/\/schema.org\/Organization\">\r\n\t\t\t\t<span itemprop='name'>BC Morabanc Andorra (web oficial)<\/span>\r\n\t\t\t\t<span itemprop='logo' itemscope itemtype='http:\/\/schema.org\/ImageObject'>\r\n\t\t\t\t\t<span itemprop='url'>https:\/\/www.bca.ad\/wp-content\/uploads\/2026\/08\/principal_web_revisions_1920x1280.jpg<\/span>\r\n\t\t\t\t<\/span>\r\n\t\t\t<\/span>\r\n\t\t\t\t\t\t<time class=\"eut-structured-data date published\" itemprop=\"datePublished\" datetime=\"2026-08-18T14:14:57+02:00\">18\/08\/2026<\/time>\r\n\t\t\t<time class=\"eut-structured-data date updated\" itemprop=\"dateModified\"  datetime=\"2026-08-19T14:07:48+02:00\">19\/08\/2026<\/time>\r\n\t\t\t<span class=\"eut-structured-data\" itemprop=\"mainEntityOfPage\" itemscope itemtype=\"http:\/\/schema.org\/WebPage\" itemid=\"https:\/\/www.bca.ad\/es\/puesta-en-marcha-con-las-primeras-revisiones\/\"><\/span>\r\n\t\t<\/span>\r\n\t\t\t\t\t\t\t\t\t\t\t\t\t\t\t\t\t\t\t\t<ul class=\"eut-post-meta\">\r\n\t\t\t\t\t\t\t\t\t\t<li class=\"eut-post-date\">\t<time class=\"\" datetime=\"2026-08-18T14:14:57+02:00\">\r\n\t\t18\/08\/2026\t<\/time>\r\n<\/li>\t\t\t\t\t\t\t\t\t\t<\/ul>\r\n\t\t\t\t\t\t\t\t\t\t\t\t\t\t\t\t\t\t<ul class=\"eut-post-meta eut-categories\">\t<li class=\"cat-item cat-item-944\"><a href=\"https:\/\/www.bca.ad\/es\/category\/acb-es\/\">ACB<\/a>\n<\/li>\n\t<li class=\"cat-item cat-item-150\"><a href=\"https:\/\/www.bca.ad\/es\/category\/basquet-club-andorra-es\/\">B\u00e1squet Club Andorra<\/a>\n<\/li>\n\t<li class=\"cat-item cat-item-109\"><a href=\"https:\/\/www.bca.ad\/es\/category\/morabanc-andorra-es\/\">MoraBanc Andorra<\/a>\n<\/li>\n\t<li class=\"cat-item cat-item-98\"><a href=\"https:\/\/www.bca.ad\/es\/category\/noticia-es\/\">Noticia<\/a>\n<\/li>\n<\/ul>\t\t\t\t\t\t\t\t\t<a href=\"https:\/\/www.bca.ad\/es\/puesta-en-marcha-con-las-primeras-revisiones\/\" rel=\"bookmark\"><h2 class=\"eut-post-title eut-h6\" itemprop=\"headline\">Puesta en marcha con las primeras revisiones<\/h2><\/a>\t\t\t\t\t\t\t\t<\/div>\r\n\t\t\t\t\t\t\t\t<div itemprop=\"articleBody\"><p>El primer equipo inicia la pretemporada con las revisiones m\u00e9dicas, f\u00edsicas y podol\u00f3gicas de los jugadores \u00a0&nbsp; El MoraBanc Andorra 2026\/2027 ya est\u00e1 en marcha.&hellip;<\/p><\/div>\t\t\t\t\t\t\t<\/div>\r\n\t\t\t\t\t\t<\/div>\r\n\t\t\t\t\t\r\n\t\t\t\t<\/div>\t\t\t<\/article>\r\n\r\n\t\t\t<article class=\"eut-blog-item eut-isotope-item eut-bg-size-normal post-39934 post type-post status-publish format-standard has-post-thumbnail hentry category-acb-es category-basquet-club-andorra-es category-morabanc-andorra-es category-noticia-es tag-2026-2027-es tag-pretemporada-es-2\" itemscope itemType=\"http:\/\/schema.org\/BlogPosting\">\r\n\t\t\t\t<div class=\"eut-blog-item-inner eut-isotope-item-inner\">\r\n\t\t\t\t\t\t\t\t\t\t\t\t\t<div class=\"eut-media\">\r\n\t\t\t<a class=\"eut-item-url\" href=\"https:\/\/www.bca.ad\/es\/el-morabanc-andorra-ya-tiene-definida-su-pretemporada\/\"><span class=\"screen-reader-text\">El MoraBanc Andorra ya tiene definida su pretemporada<\/span><\/a>\r\n\t\t\t<div class=\"eut-thumbnail-wrapper\"><div class=\"eut-thumbnail\"  style=\"padding-top: 56.25%;\"><img loading=\"lazy\" decoding=\"async\" width=\"560\" height=\"315\" src=\"https:\/\/www.bca.ad\/wp-content\/uploads\/2026\/08\/CalendariPretemporada_2627_Web.png\" class=\"attachment-crocal-eutf-small-rect-horizontal size-crocal-eutf-small-rect-horizontal eut-lazy-load lazyload wp-post-image\" alt=\"\" data-eutf-filter=\"yes\" srcset=\"https:\/\/www.bca.ad\/wp-content\/themes\/crocal\/images\/empty\/empty.png\" data-src=\"https:\/\/www.bca.ad\/wp-content\/uploads\/2026\/08\/CalendariPretemporada_2627_Web.png\" data-sizes=\"auto\" data-srcset=\"https:\/\/www.bca.ad\/wp-content\/uploads\/2026\/08\/CalendariPretemporada_2627_Web.png 2160w, https:\/\/www.bca.ad\/wp-content\/uploads\/2026\/08\/CalendariPretemporada_2627_Web-300x169.png 300w, https:\/\/www.bca.ad\/wp-content\/uploads\/2026\/08\/CalendariPretemporada_2627_Web-1024x576.png 1024w, https:\/\/www.bca.ad\/wp-content\/uploads\/2026\/08\/CalendariPretemporada_2627_Web-768x432.png 768w, https:\/\/www.bca.ad\/wp-content\/uploads\/2026\/08\/CalendariPretemporada_2627_Web-1536x864.png 1536w\" data-expand=\"1\" \/><\/div><\/div>\t\t\t<div class=\"eut-bg-black eut-hover-overlay eut-opacity-10\"><\/div>\r\n\t\t<\/div>\r\n\t\t\t\t\t\t<div class=\"eut-post-content-wrapper\">\r\n\t\t\t\t\t\t\t<div class=\"eut-post-content\">\r\n\t\t\t\t\t\t\t\t<div class=\"eut-post-header\">\r\n\t\t\t\t\t\t\t\t\t\t\t\t\t\t\t\t\t\t\t\t<span class=\"eut-hidden\">\r\n\t\t\t<span class=\"eut-structured-data entry-title\">El MoraBanc Andorra ya tiene definida su pretemporada<\/span>\r\n\t\t\t<span class=\"eut-structured-data\" itemprop=\"image\" itemscope itemtype=\"http:\/\/schema.org\/ImageObject\">\r\n\t\t\t   <span itemprop='url' >https:\/\/www.bca.ad\/wp-content\/uploads\/2026\/08\/CalendariPretemporada_2627_Web.png<\/span>\r\n\t\t\t   <span itemprop='height' >2160<\/span>\r\n\t\t\t   <span itemprop='width' >1215<\/span>\r\n\t\t\t<\/span>\r\n\t\t\t\t\t\t<span class=\"eut-structured-data vcard author\" itemprop=\"author\" itemscope itemtype=\"http:\/\/schema.org\/Person\">\r\n\t\t\t\t<span itemprop=\"name\" class=\"fn\">BC Morabanc Andorra (web oficial)<\/span>\r\n\t\t\t<\/span>\r\n\t\t\t<span class=\"eut-structured-data\" itemprop=\"publisher\" itemscope itemtype=\"http:\/\/schema.org\/Organization\">\r\n\t\t\t\t<span itemprop='name'>BC Morabanc Andorra (web oficial)<\/span>\r\n\t\t\t\t<span itemprop='logo' itemscope itemtype='http:\/\/schema.org\/ImageObject'>\r\n\t\t\t\t\t<span itemprop='url'>https:\/\/www.bca.ad\/wp-content\/uploads\/2026\/08\/CalendariPretemporada_2627_Web.png<\/span>\r\n\t\t\t\t<\/span>\r\n\t\t\t<\/span>\r\n\t\t\t\t\t\t<time class=\"eut-structured-data date published\" itemprop=\"datePublished\" datetime=\"2026-08-14T12:59:47+02:00\">14\/08\/2026<\/time>\r\n\t\t\t<time class=\"eut-structured-data date updated\" itemprop=\"dateModified\"  datetime=\"2026-08-14T12:59:47+02:00\">14\/08\/2026<\/time>\r\n\t\t\t<span class=\"eut-structured-data\" itemprop=\"mainEntityOfPage\" itemscope itemtype=\"http:\/\/schema.org\/WebPage\" itemid=\"https:\/\/www.bca.ad\/es\/el-morabanc-andorra-ya-tiene-definida-su-pretemporada\/\"><\/span>\r\n\t\t<\/span>\r\n\t\t\t\t\t\t\t\t\t\t\t\t\t\t\t\t\t\t\t\t<ul class=\"eut-post-meta\">\r\n\t\t\t\t\t\t\t\t\t\t<li class=\"eut-post-date\">\t<time class=\"\" datetime=\"2026-08-14T12:59:47+02:00\">\r\n\t\t14\/08\/2026\t<\/time>\r\n<\/li>\t\t\t\t\t\t\t\t\t\t<\/ul>\r\n\t\t\t\t\t\t\t\t\t\t\t\t\t\t\t\t\t\t<ul class=\"eut-post-meta eut-categories\">\t<li class=\"cat-item cat-item-944\"><a href=\"https:\/\/www.bca.ad\/es\/category\/acb-es\/\">ACB<\/a>\n<\/li>\n\t<li class=\"cat-item cat-item-150\"><a href=\"https:\/\/www.bca.ad\/es\/category\/basquet-club-andorra-es\/\">B\u00e1squet Club Andorra<\/a>\n<\/li>\n\t<li class=\"cat-item cat-item-109\"><a href=\"https:\/\/www.bca.ad\/es\/category\/morabanc-andorra-es\/\">MoraBanc Andorra<\/a>\n<\/li>\n\t<li class=\"cat-item cat-item-98\"><a href=\"https:\/\/www.bca.ad\/es\/category\/noticia-es\/\">Noticia<\/a>\n<\/li>\n<\/ul>\t\t\t\t\t\t\t\t\t<a href=\"https:\/\/www.bca.ad\/es\/el-morabanc-andorra-ya-tiene-definida-su-pretemporada\/\" rel=\"bookmark\"><h2 class=\"eut-post-title eut-h6\" itemprop=\"headline\">El MoraBanc Andorra ya tiene definida su pretemporada<\/h2><\/a>\t\t\t\t\t\t\t\t<\/div>\r\n\t\t\t\t\t\t\t\t<div itemprop=\"articleBody\"><p>El calendario de partidos de preparaci\u00f3n de cara a la temporada 2026\/2027 ya est\u00e1 definido. El conjunto tricolor empezar\u00e1 a trabajar durante la segunda quincena&hellip;<\/p><\/div>\t\t\t\t\t\t\t<\/div>\r\n\t\t\t\t\t\t<\/div>\r\n\t\t\t\t\t\r\n\t\t\t\t<\/div>\t\t\t<\/article>\r\n\r\n\t\t\t<article class=\"eut-blog-item eut-isotope-item eut-bg-size-normal post-39911 post type-post status-publish format-standard has-post-thumbnail hentry category-acb-es category-base-es category-basquet-club-andorra-es category-morabanc-andorra-es category-noticia-es tag-luka-bottiroli-es tag-primer-equipo tag-temporada-2026-2027-es\" itemscope itemType=\"http:\/\/schema.org\/BlogPosting\">\r\n\t\t\t\t<div class=\"eut-blog-item-inner eut-isotope-item-inner\">\r\n\t\t\t\t\t\t\t\t\t\t\t\t\t<div class=\"eut-media\">\r\n\t\t\t<a class=\"eut-item-url\" href=\"https:\/\/www.bca.ad\/es\/luka-bottiroli-talento-de-la-cantera-que-da-el-salto-al-primer-equipo\/\"><span class=\"screen-reader-text\">Luka Bottiroli, talento de la cantera que da el salto al primer equipo<\/span><\/a>\r\n\t\t\t<div class=\"eut-thumbnail-wrapper\"><div class=\"eut-thumbnail\"  style=\"padding-top: 75%;\"><img loading=\"lazy\" decoding=\"async\" width=\"560\" height=\"420\" src=\"https:\/\/www.bca.ad\/wp-content\/uploads\/2026\/08\/luka_bottiroli_2627_web-560x420.png\" class=\"attachment-crocal-eutf-small-rect-horizontal size-crocal-eutf-small-rect-horizontal eut-lazy-load lazyload wp-post-image\" alt=\"\" data-eutf-filter=\"yes\" srcset=\"https:\/\/www.bca.ad\/wp-content\/themes\/crocal\/images\/empty\/empty.png\" data-src=\"https:\/\/www.bca.ad\/wp-content\/uploads\/2026\/08\/luka_bottiroli_2627_web-560x420.png\" data-sizes=\"auto\" data-srcset=\"https:\/\/www.bca.ad\/wp-content\/uploads\/2026\/08\/luka_bottiroli_2627_web-560x420.png 560w, https:\/\/www.bca.ad\/wp-content\/uploads\/2026\/08\/luka_bottiroli_2627_web-900x675.png 900w\" data-expand=\"1\" \/><\/div><\/div>\t\t\t<div class=\"eut-bg-black eut-hover-overlay eut-opacity-10\"><\/div>\r\n\t\t<\/div>\r\n\t\t\t\t\t\t<div class=\"eut-post-content-wrapper\">\r\n\t\t\t\t\t\t\t<div class=\"eut-post-content\">\r\n\t\t\t\t\t\t\t\t<div class=\"eut-post-header\">\r\n\t\t\t\t\t\t\t\t\t\t\t\t\t\t\t\t\t\t\t\t<span class=\"eut-hidden\">\r\n\t\t\t<span class=\"eut-structured-data entry-title\">Luka Bottiroli, talento de la cantera que da el salto al primer equipo<\/span>\r\n\t\t\t<span class=\"eut-structured-data\" itemprop=\"image\" itemscope itemtype=\"http:\/\/schema.org\/ImageObject\">\r\n\t\t\t   <span itemprop='url' >https:\/\/www.bca.ad\/wp-content\/uploads\/2026\/08\/luka_bottiroli_2627_web.png<\/span>\r\n\t\t\t   <span itemprop='height' >1400<\/span>\r\n\t\t\t   <span itemprop='width' >933<\/span>\r\n\t\t\t<\/span>\r\n\t\t\t\t\t\t<span class=\"eut-structured-data vcard author\" itemprop=\"author\" itemscope itemtype=\"http:\/\/schema.org\/Person\">\r\n\t\t\t\t<span itemprop=\"name\" class=\"fn\">BC Morabanc Andorra (web oficial)<\/span>\r\n\t\t\t<\/span>\r\n\t\t\t<span class=\"eut-structured-data\" itemprop=\"publisher\" itemscope itemtype=\"http:\/\/schema.org\/Organization\">\r\n\t\t\t\t<span itemprop='name'>BC Morabanc Andorra (web oficial)<\/span>\r\n\t\t\t\t<span itemprop='logo' itemscope itemtype='http:\/\/schema.org\/ImageObject'>\r\n\t\t\t\t\t<span itemprop='url'>https:\/\/www.bca.ad\/wp-content\/uploads\/2026\/08\/luka_bottiroli_2627_web.png<\/span>\r\n\t\t\t\t<\/span>\r\n\t\t\t<\/span>\r\n\t\t\t\t\t\t<time class=\"eut-structured-data date published\" itemprop=\"datePublished\" datetime=\"2026-08-14T10:06:01+02:00\">14\/08\/2026<\/time>\r\n\t\t\t<time class=\"eut-structured-data date updated\" itemprop=\"dateModified\"  datetime=\"2026-08-14T10:10:53+02:00\">14\/08\/2026<\/time>\r\n\t\t\t<span class=\"eut-structured-data\" itemprop=\"mainEntityOfPage\" itemscope itemtype=\"http:\/\/schema.org\/WebPage\" itemid=\"https:\/\/www.bca.ad\/es\/luka-bottiroli-talento-de-la-cantera-que-da-el-salto-al-primer-equipo\/\"><\/span>\r\n\t\t<\/span>\r\n\t\t\t\t\t\t\t\t\t\t\t\t\t\t\t\t\t\t\t\t<ul class=\"eut-post-meta\">\r\n\t\t\t\t\t\t\t\t\t\t<li class=\"eut-post-date\">\t<time class=\"\" datetime=\"2026-08-14T10:06:01+02:00\">\r\n\t\t14\/08\/2026\t<\/time>\r\n<\/li>\t\t\t\t\t\t\t\t\t\t<\/ul>\r\n\t\t\t\t\t\t\t\t\t\t\t\t\t\t\t\t\t\t<ul class=\"eut-post-meta eut-categories\">\t<li class=\"cat-item cat-item-944\"><a href=\"https:\/\/www.bca.ad\/es\/category\/acb-es\/\">ACB<\/a>\n<\/li>\n\t<li class=\"cat-item cat-item-963\"><a href=\"https:\/\/www.bca.ad\/es\/category\/base-es\/\">Base<\/a>\n<\/li>\n\t<li class=\"cat-item cat-item-150\"><a href=\"https:\/\/www.bca.ad\/es\/category\/basquet-club-andorra-es\/\">B\u00e1squet Club Andorra<\/a>\n<\/li>\n\t<li class=\"cat-item cat-item-109\"><a href=\"https:\/\/www.bca.ad\/es\/category\/morabanc-andorra-es\/\">MoraBanc Andorra<\/a>\n<\/li>\n\t<li class=\"cat-item cat-item-98\"><a href=\"https:\/\/www.bca.ad\/es\/category\/noticia-es\/\">Noticia<\/a>\n<\/li>\n<\/ul>\t\t\t\t\t\t\t\t\t<a href=\"https:\/\/www.bca.ad\/es\/luka-bottiroli-talento-de-la-cantera-que-da-el-salto-al-primer-equipo\/\" rel=\"bookmark\"><h2 class=\"eut-post-title eut-h6\" itemprop=\"headline\">Luka Bottiroli, talento de la cantera que da el salto al primer equipo<\/h2><\/a>\t\t\t\t\t\t\t\t<\/div>\r\n\t\t\t\t\t\t\t\t<div itemprop=\"articleBody\"><p>Luka Bottiroli formar\u00e1 parte de la din\u00e1mica del primer equipo del MoraBanc Andorra esta temporada 2026\/2027. Con solo 17 a\u00f1os y aun en edad junior,&hellip;<\/p><\/div>\t\t\t\t\t\t\t<\/div>\r\n\t\t\t\t\t\t<\/div>\r\n\t\t\t\t\t\r\n\t\t\t\t<\/div>\t\t\t<\/article>\r\n\r\n\t\t\t<article class=\"eut-blog-item eut-isotope-item eut-bg-size-normal post-39905 post type-post status-publish format-standard has-post-thumbnail hentry category-acb-es category-basquet-club-andorra-es category-morabanc-andorra-es category-noticia-es tag-2026-2027-es tag-milan-barbitch-es tag-pretemporada-es-2\" itemscope itemType=\"http:\/\/schema.org\/BlogPosting\">\r\n\t\t\t\t<div class=\"eut-blog-item-inner eut-isotope-item-inner\">\r\n\t\t\t\t\t\t\t\t\t\t\t\t\t<div class=\"eut-media\">\r\n\t\t\t<a class=\"eut-item-url\" href=\"https:\/\/www.bca.ad\/es\/milan-barbitch-formara-parte-de-la-pretemporada-del-morabanc-andorra\/\"><span class=\"screen-reader-text\">Milan Barbitch formar\u00e1 parte de la pretemporada del MoraBanc Andorra<\/span><\/a>\r\n\t\t\t<div class=\"eut-thumbnail-wrapper\"><div class=\"eut-thumbnail\"  style=\"padding-top: 75%;\"><img loading=\"lazy\" decoding=\"async\" width=\"560\" height=\"420\" src=\"https:\/\/www.bca.ad\/wp-content\/uploads\/2026\/08\/milanbarbitch_web_1920x1280-560x420.png\" class=\"attachment-crocal-eutf-small-rect-horizontal size-crocal-eutf-small-rect-horizontal eut-lazy-load lazyload wp-post-image\" alt=\"\" data-eutf-filter=\"yes\" srcset=\"https:\/\/www.bca.ad\/wp-content\/themes\/crocal\/images\/empty\/empty.png\" data-src=\"https:\/\/www.bca.ad\/wp-content\/uploads\/2026\/08\/milanbarbitch_web_1920x1280-560x420.png\" data-sizes=\"auto\" data-srcset=\"https:\/\/www.bca.ad\/wp-content\/uploads\/2026\/08\/milanbarbitch_web_1920x1280-560x420.png 560w, https:\/\/www.bca.ad\/wp-content\/uploads\/2026\/08\/milanbarbitch_web_1920x1280-900x675.png 900w\" data-expand=\"1\" \/><\/div><\/div>\t\t\t<div class=\"eut-bg-black eut-hover-overlay eut-opacity-10\"><\/div>\r\n\t\t<\/div>\r\n\t\t\t\t\t\t<div class=\"eut-post-content-wrapper\">\r\n\t\t\t\t\t\t\t<div class=\"eut-post-content\">\r\n\t\t\t\t\t\t\t\t<div class=\"eut-post-header\">\r\n\t\t\t\t\t\t\t\t\t\t\t\t\t\t\t\t\t\t\t\t<span class=\"eut-hidden\">\r\n\t\t\t<span class=\"eut-structured-data entry-title\">Milan Barbitch formar\u00e1 parte de la pretemporada del MoraBanc Andorra<\/span>\r\n\t\t\t<span class=\"eut-structured-data\" itemprop=\"image\" itemscope itemtype=\"http:\/\/schema.org\/ImageObject\">\r\n\t\t\t   <span itemprop='url' >https:\/\/www.bca.ad\/wp-content\/uploads\/2026\/08\/milanbarbitch_web_1920x1280.png<\/span>\r\n\t\t\t   <span itemprop='height' >1700<\/span>\r\n\t\t\t   <span itemprop='width' >1133<\/span>\r\n\t\t\t<\/span>\r\n\t\t\t\t\t\t<span class=\"eut-structured-data vcard author\" itemprop=\"author\" itemscope itemtype=\"http:\/\/schema.org\/Person\">\r\n\t\t\t\t<span itemprop=\"name\" class=\"fn\">BC Morabanc Andorra (web oficial)<\/span>\r\n\t\t\t<\/span>\r\n\t\t\t<span class=\"eut-structured-data\" itemprop=\"publisher\" itemscope itemtype=\"http:\/\/schema.org\/Organization\">\r\n\t\t\t\t<span itemprop='name'>BC Morabanc Andorra (web oficial)<\/span>\r\n\t\t\t\t<span itemprop='logo' itemscope itemtype='http:\/\/schema.org\/ImageObject'>\r\n\t\t\t\t\t<span itemprop='url'>https:\/\/www.bca.ad\/wp-content\/uploads\/2026\/08\/milanbarbitch_web_1920x1280.png<\/span>\r\n\t\t\t\t<\/span>\r\n\t\t\t<\/span>\r\n\t\t\t\t\t\t<time class=\"eut-structured-data date published\" itemprop=\"datePublished\" datetime=\"2026-08-13T16:41:24+02:00\">13\/08\/2026<\/time>\r\n\t\t\t<time class=\"eut-structured-data date updated\" itemprop=\"dateModified\"  datetime=\"2026-08-13T16:41:24+02:00\">13\/08\/2026<\/time>\r\n\t\t\t<span class=\"eut-structured-data\" itemprop=\"mainEntityOfPage\" itemscope itemtype=\"http:\/\/schema.org\/WebPage\" itemid=\"https:\/\/www.bca.ad\/es\/milan-barbitch-formara-parte-de-la-pretemporada-del-morabanc-andorra\/\"><\/span>\r\n\t\t<\/span>\r\n\t\t\t\t\t\t\t\t\t\t\t\t\t\t\t\t\t\t\t\t<ul class=\"eut-post-meta\">\r\n\t\t\t\t\t\t\t\t\t\t<li class=\"eut-post-date\">\t<time class=\"\" datetime=\"2026-08-13T16:41:24+02:00\">\r\n\t\t13\/08\/2026\t<\/time>\r\n<\/li>\t\t\t\t\t\t\t\t\t\t<\/ul>\r\n\t\t\t\t\t\t\t\t\t\t\t\t\t\t\t\t\t\t<ul class=\"eut-post-meta eut-categories\">\t<li class=\"cat-item cat-item-944\"><a href=\"https:\/\/www.bca.ad\/es\/category\/acb-es\/\">ACB<\/a>\n<\/li>\n\t<li class=\"cat-item cat-item-150\"><a href=\"https:\/\/www.bca.ad\/es\/category\/basquet-club-andorra-es\/\">B\u00e1squet Club Andorra<\/a>\n<\/li>\n\t<li class=\"cat-item cat-item-109\"><a href=\"https:\/\/www.bca.ad\/es\/category\/morabanc-andorra-es\/\">MoraBanc Andorra<\/a>\n<\/li>\n\t<li class=\"cat-item cat-item-98\"><a href=\"https:\/\/www.bca.ad\/es\/category\/noticia-es\/\">Noticia<\/a>\n<\/li>\n<\/ul>\t\t\t\t\t\t\t\t\t<a href=\"https:\/\/www.bca.ad\/es\/milan-barbitch-formara-parte-de-la-pretemporada-del-morabanc-andorra\/\" rel=\"bookmark\"><h2 class=\"eut-post-title eut-h6\" itemprop=\"headline\">Milan Barbitch formar\u00e1 parte de la pretemporada del MoraBanc Andorra<\/h2><\/a>\t\t\t\t\t\t\t\t<\/div>\r\n\t\t\t\t\t\t\t\t<div itemprop=\"articleBody\"><p>MoraBanc Andorra contar\u00e1 con Milan Barbitch durante la pretemporada de este curso 2026\/2027. El base franc\u00e9s se unir\u00e1 al equipo para completar la preparaci\u00f3n durante&hellip;<\/p><\/div>\t\t\t\t\t\t\t<\/div>\r\n\t\t\t\t\t\t<\/div>\r\n\t\t\t\t\t\r\n\t\t\t\t<\/div>\t\t\t<\/article>\r\n\r\n\t\t\t<article class=\"eut-blog-item eut-isotope-item eut-bg-size-normal post-39897 post type-post status-publish format-standard has-post-thumbnail hentry category-acb-es category-basquet-club-andorra-es category-morabanc-andorra-es category-noticia-es tag-calendario-es tag-liga-endesa-es-2 tag-temporada-2026-2027-es\" itemscope itemType=\"http:\/\/schema.org\/BlogPosting\">\r\n\t\t\t\t<div class=\"eut-blog-item-inner eut-isotope-item-inner\">\r\n\t\t\t\t\t\t\t\t\t\t\t\t\t<div class=\"eut-media\">\r\n\t\t\t<a class=\"eut-item-url\" href=\"https:\/\/www.bca.ad\/es\/morabanc-andorra-ya-conoce-su-calendario-para-la-temporada-2026-2027\/\"><span class=\"screen-reader-text\">MoraBanc Andorra ya conoce su calendario para la temporada 2026\/2027<\/span><\/a>\r\n\t\t\t<div class=\"eut-thumbnail-wrapper\"><div class=\"eut-thumbnail\"  style=\"padding-top: 75%;\"><img loading=\"lazy\" decoding=\"async\" width=\"560\" height=\"420\" src=\"https:\/\/www.bca.ad\/wp-content\/uploads\/2026\/08\/CalendariACB_2627_ok-560x420.png\" class=\"attachment-crocal-eutf-small-rect-horizontal size-crocal-eutf-small-rect-horizontal eut-lazy-load lazyload wp-post-image\" alt=\"\" data-eutf-filter=\"yes\" srcset=\"https:\/\/www.bca.ad\/wp-content\/themes\/crocal\/images\/empty\/empty.png\" data-src=\"https:\/\/www.bca.ad\/wp-content\/uploads\/2026\/08\/CalendariACB_2627_ok-560x420.png\" data-sizes=\"auto\" data-srcset=\"https:\/\/www.bca.ad\/wp-content\/uploads\/2026\/08\/CalendariACB_2627_ok-560x420.png 560w, https:\/\/www.bca.ad\/wp-content\/uploads\/2026\/08\/CalendariACB_2627_ok-900x675.png 900w\" data-expand=\"1\" \/><\/div><\/div>\t\t\t<div class=\"eut-bg-black eut-hover-overlay eut-opacity-10\"><\/div>\r\n\t\t<\/div>\r\n\t\t\t\t\t\t<div class=\"eut-post-content-wrapper\">\r\n\t\t\t\t\t\t\t<div class=\"eut-post-content\">\r\n\t\t\t\t\t\t\t\t<div class=\"eut-post-header\">\r\n\t\t\t\t\t\t\t\t\t\t\t\t\t\t\t\t\t\t\t\t<span class=\"eut-hidden\">\r\n\t\t\t<span class=\"eut-structured-data entry-title\">MoraBanc Andorra ya conoce su calendario para la temporada 2026\/2027<\/span>\r\n\t\t\t<span class=\"eut-structured-data\" itemprop=\"image\" itemscope itemtype=\"http:\/\/schema.org\/ImageObject\">\r\n\t\t\t   <span itemprop='url' >https:\/\/www.bca.ad\/wp-content\/uploads\/2026\/08\/CalendariACB_2627_ok.png<\/span>\r\n\t\t\t   <span itemprop='height' >1400<\/span>\r\n\t\t\t   <span itemprop='width' >788<\/span>\r\n\t\t\t<\/span>\r\n\t\t\t\t\t\t<span class=\"eut-structured-data vcard author\" itemprop=\"author\" itemscope itemtype=\"http:\/\/schema.org\/Person\">\r\n\t\t\t\t<span itemprop=\"name\" class=\"fn\">BC Morabanc Andorra (web oficial)<\/span>\r\n\t\t\t<\/span>\r\n\t\t\t<span class=\"eut-structured-data\" itemprop=\"publisher\" itemscope itemtype=\"http:\/\/schema.org\/Organization\">\r\n\t\t\t\t<span itemprop='name'>BC Morabanc Andorra (web oficial)<\/span>\r\n\t\t\t\t<span itemprop='logo' itemscope itemtype='http:\/\/schema.org\/ImageObject'>\r\n\t\t\t\t\t<span itemprop='url'>https:\/\/www.bca.ad\/wp-content\/uploads\/2026\/08\/CalendariACB_2627_ok.png<\/span>\r\n\t\t\t\t<\/span>\r\n\t\t\t<\/span>\r\n\t\t\t\t\t\t<time class=\"eut-structured-data date published\" itemprop=\"datePublished\" datetime=\"2026-08-12T15:14:34+02:00\">12\/08\/2026<\/time>\r\n\t\t\t<time class=\"eut-structured-data date updated\" itemprop=\"dateModified\"  datetime=\"2026-08-12T16:12:40+02:00\">12\/08\/2026<\/time>\r\n\t\t\t<span class=\"eut-structured-data\" itemprop=\"mainEntityOfPage\" itemscope itemtype=\"http:\/\/schema.org\/WebPage\" itemid=\"https:\/\/www.bca.ad\/es\/morabanc-andorra-ya-conoce-su-calendario-para-la-temporada-2026-2027\/\"><\/span>\r\n\t\t<\/span>\r\n\t\t\t\t\t\t\t\t\t\t\t\t\t\t\t\t\t\t\t\t<ul class=\"eut-post-meta\">\r\n\t\t\t\t\t\t\t\t\t\t<li class=\"eut-post-date\">\t<time class=\"\" datetime=\"2026-08-12T15:14:34+02:00\">\r\n\t\t12\/08\/2026\t<\/time>\r\n<\/li>\t\t\t\t\t\t\t\t\t\t<\/ul>\r\n\t\t\t\t\t\t\t\t\t\t\t\t\t\t\t\t\t\t<ul class=\"eut-post-meta eut-categories\">\t<li class=\"cat-item cat-item-944\"><a href=\"https:\/\/www.bca.ad\/es\/category\/acb-es\/\">ACB<\/a>\n<\/li>\n\t<li class=\"cat-item cat-item-150\"><a href=\"https:\/\/www.bca.ad\/es\/category\/basquet-club-andorra-es\/\">B\u00e1squet Club Andorra<\/a>\n<\/li>\n\t<li class=\"cat-item cat-item-109\"><a href=\"https:\/\/www.bca.ad\/es\/category\/morabanc-andorra-es\/\">MoraBanc Andorra<\/a>\n<\/li>\n\t<li class=\"cat-item cat-item-98\"><a href=\"https:\/\/www.bca.ad\/es\/category\/noticia-es\/\">Noticia<\/a>\n<\/li>\n<\/ul>\t\t\t\t\t\t\t\t\t<a href=\"https:\/\/www.bca.ad\/es\/morabanc-andorra-ya-conoce-su-calendario-para-la-temporada-2026-2027\/\" rel=\"bookmark\"><h2 class=\"eut-post-title eut-h6\" itemprop=\"headline\">MoraBanc Andorra ya conoce su calendario para la temporada 2026\/2027<\/h2><\/a>\t\t\t\t\t\t\t\t<\/div>\r\n\t\t\t\t\t\t\t\t<div itemprop=\"articleBody\"><p>MoraBanc Andorra ya ha definido el camino a seguir en la Liga Endesa 2026\/2027. La competici\u00f3n comenzar\u00e1 el fin de semana del 26 y 27&hellip;<\/p><\/div>\t\t\t\t\t\t\t<\/div>\r\n\t\t\t\t\t\t<\/div>\r\n\t\t\t\t\t\r\n\t\t\t\t<\/div>\t\t\t<\/article>\r\n\r\n\t\t\t<article class=\"eut-blog-item eut-isotope-item eut-bg-size-normal post-39891 post type-post status-publish format-standard has-post-thumbnail hentry category-acb category-basquet-club-andorra category-morabanc-andorra category-noticia tag-cos-tecnic tag-temporada-2026-2027\" itemscope itemType=\"http:\/\/schema.org\/BlogPosting\">\r\n\t\t\t\t<div class=\"eut-blog-item-inner eut-isotope-item-inner\">\r\n\t\t\t\t\t\t\t\t\t\t\t\t\t<div class=\"eut-media\">\r\n\t\t\t<a class=\"eut-item-url\" href=\"https:\/\/www.bca.ad\/es\/continuitat-en-el-cos-tecnic-del-morabanc-andorra-2026-2027\/\"><span class=\"screen-reader-text\">Continu\u00eftat en el cos t\u00e8cnic del MoraBanc Andorra 2026\/2027<\/span><\/a>\r\n\t\t\t<div class=\"eut-thumbnail-wrapper\"><div class=\"eut-thumbnail\"  style=\"padding-top: 75%;\"><img loading=\"lazy\" decoding=\"async\" width=\"560\" height=\"420\" src=\"https:\/\/www.bca.ad\/wp-content\/uploads\/2026\/08\/CosTecnic_Web_1920x1080-560x420.png\" class=\"attachment-crocal-eutf-small-rect-horizontal size-crocal-eutf-small-rect-horizontal eut-lazy-load lazyload wp-post-image\" alt=\"\" data-eutf-filter=\"yes\" srcset=\"https:\/\/www.bca.ad\/wp-content\/themes\/crocal\/images\/empty\/empty.png\" data-src=\"https:\/\/www.bca.ad\/wp-content\/uploads\/2026\/08\/CosTecnic_Web_1920x1080-560x420.png\" data-sizes=\"auto\" data-srcset=\"https:\/\/www.bca.ad\/wp-content\/uploads\/2026\/08\/CosTecnic_Web_1920x1080-560x420.png 560w, https:\/\/www.bca.ad\/wp-content\/uploads\/2026\/08\/CosTecnic_Web_1920x1080-900x675.png 900w\" data-expand=\"1\" \/><\/div><\/div>\t\t\t<div class=\"eut-bg-black eut-hover-overlay eut-opacity-10\"><\/div>\r\n\t\t<\/div>\r\n\t\t\t\t\t\t<div class=\"eut-post-content-wrapper\">\r\n\t\t\t\t\t\t\t<div class=\"eut-post-content\">\r\n\t\t\t\t\t\t\t\t<div class=\"eut-post-header\">\r\n\t\t\t\t\t\t\t\t\t\t\t\t\t\t\t\t\t\t\t\t<span class=\"eut-hidden\">\r\n\t\t\t<span class=\"eut-structured-data entry-title\">Continu\u00eftat en el cos t\u00e8cnic del MoraBanc Andorra 2026\/2027<\/span>\r\n\t\t\t<span class=\"eut-structured-data\" itemprop=\"image\" itemscope itemtype=\"http:\/\/schema.org\/ImageObject\">\r\n\t\t\t   <span itemprop='url' >https:\/\/www.bca.ad\/wp-content\/uploads\/2026\/08\/CosTecnic_Web_1920x1080.png<\/span>\r\n\t\t\t   <span itemprop='height' >1400<\/span>\r\n\t\t\t   <span itemprop='width' >788<\/span>\r\n\t\t\t<\/span>\r\n\t\t\t\t\t\t<span class=\"eut-structured-data vcard author\" itemprop=\"author\" itemscope itemtype=\"http:\/\/schema.org\/Person\">\r\n\t\t\t\t<span itemprop=\"name\" class=\"fn\">BC Morabanc Andorra (web oficial)<\/span>\r\n\t\t\t<\/span>\r\n\t\t\t<span class=\"eut-structured-data\" itemprop=\"publisher\" itemscope itemtype=\"http:\/\/schema.org\/Organization\">\r\n\t\t\t\t<span itemprop='name'>BC Morabanc Andorra (web oficial)<\/span>\r\n\t\t\t\t<span itemprop='logo' itemscope itemtype='http:\/\/schema.org\/ImageObject'>\r\n\t\t\t\t\t<span itemprop='url'>https:\/\/www.bca.ad\/wp-content\/uploads\/2026\/08\/CosTecnic_Web_1920x1080.png<\/span>\r\n\t\t\t\t<\/span>\r\n\t\t\t<\/span>\r\n\t\t\t\t\t\t<time class=\"eut-structured-data date published\" itemprop=\"datePublished\" datetime=\"2026-08-08T10:59:13+02:00\">08\/08\/2026<\/time>\r\n\t\t\t<time class=\"eut-structured-data date updated\" itemprop=\"dateModified\"  datetime=\"2026-08-08T10:59:13+02:00\">08\/08\/2026<\/time>\r\n\t\t\t<span class=\"eut-structured-data\" itemprop=\"mainEntityOfPage\" itemscope itemtype=\"http:\/\/schema.org\/WebPage\" itemid=\"https:\/\/www.bca.ad\/es\/continuitat-en-el-cos-tecnic-del-morabanc-andorra-2026-2027\/\"><\/span>\r\n\t\t<\/span>\r\n\t\t\t\t\t\t\t\t\t\t\t\t\t\t\t\t\t\t\t\t<ul class=\"eut-post-meta\">\r\n\t\t\t\t\t\t\t\t\t\t<li class=\"eut-post-date\">\t<time class=\"\" datetime=\"2026-08-08T10:59:13+02:00\">\r\n\t\t08\/08\/2026\t<\/time>\r\n<\/li>\t\t\t\t\t\t\t\t\t\t<\/ul>\r\n\t\t\t\t\t\t\t\t\t\t\t\t\t\t\t\t\t\t<ul class=\"eut-post-meta eut-categories\">\t<li class=\"cat-item cat-item-944\"><a href=\"https:\/\/www.bca.ad\/es\/category\/acb-es\/\">ACB<\/a>\n<\/li>\n\t<li class=\"cat-item cat-item-150\"><a href=\"https:\/\/www.bca.ad\/es\/category\/basquet-club-andorra-es\/\">B\u00e1squet Club Andorra<\/a>\n<\/li>\n\t<li class=\"cat-item cat-item-109\"><a href=\"https:\/\/www.bca.ad\/es\/category\/morabanc-andorra-es\/\">MoraBanc Andorra<\/a>\n<\/li>\n\t<li class=\"cat-item cat-item-98\"><a href=\"https:\/\/www.bca.ad\/es\/category\/noticia-es\/\">Noticia<\/a>\n<\/li>\n<\/ul>\t\t\t\t\t\t\t\t\t<a href=\"https:\/\/www.bca.ad\/es\/continuitat-en-el-cos-tecnic-del-morabanc-andorra-2026-2027\/\" rel=\"bookmark\"><h2 class=\"eut-post-title eut-h6\" itemprop=\"headline\">Continu\u00eftat en el cos t\u00e8cnic del MoraBanc Andorra 2026\/2027<\/h2><\/a>\t\t\t\t\t\t\t\t<\/div>\r\n\t\t\t\t\t\t\t\t<div itemprop=\"articleBody\"><p>El MoraBanc Andorra mant\u00e9 l&#8217;estructura que ha acompanyat l&#8217;equip durant la darrera temporada, amb Zan Tabak al capdavant de la banqueta i continu\u00eftat en les&hellip;<\/p><\/div>\t\t\t\t\t\t\t<\/div>\r\n\t\t\t\t\t\t<\/div>\r\n\t\t\t\t\t\r\n\t\t\t\t<\/div>\t\t\t<\/article>\r\n\r\n\t\t\t<article class=\"eut-blog-item eut-isotope-item eut-bg-size-normal post-39890 post type-post status-publish format-standard has-post-thumbnail hentry category-acb-es category-basquet-club-andorra-es category-morabanc-andorra-es category-noticia-es tag-aaron-ganal-es tag-baja\" itemscope itemType=\"http:\/\/schema.org\/BlogPosting\">\r\n\t\t\t\t<div class=\"eut-blog-item-inner eut-isotope-item-inner\">\r\n\t\t\t\t\t\t\t\t\t\t\t\t\t<div class=\"eut-media\">\r\n\t\t\t<a class=\"eut-item-url\" href=\"https:\/\/www.bca.ad\/es\/aaron-ganal-inicia-una-nueva-etapa-lejos-de-andorra\/\"><span class=\"screen-reader-text\">Aaron Ganal inicia una nueva etapa lejos de Andorra<\/span><\/a>\r\n\t\t\t<div class=\"eut-thumbnail-wrapper\"><div class=\"eut-thumbnail\"  style=\"padding-top: 75%;\"><img loading=\"lazy\" decoding=\"async\" width=\"560\" height=\"420\" src=\"https:\/\/www.bca.ad\/wp-content\/uploads\/2026\/08\/1920x1080_AaronGanal-560x420.png\" class=\"attachment-crocal-eutf-small-rect-horizontal size-crocal-eutf-small-rect-horizontal eut-lazy-load lazyload wp-post-image\" alt=\"\" data-eutf-filter=\"yes\" srcset=\"https:\/\/www.bca.ad\/wp-content\/themes\/crocal\/images\/empty\/empty.png\" data-src=\"https:\/\/www.bca.ad\/wp-content\/uploads\/2026\/08\/1920x1080_AaronGanal-560x420.png\" data-sizes=\"auto\" data-srcset=\"https:\/\/www.bca.ad\/wp-content\/uploads\/2026\/08\/1920x1080_AaronGanal-560x420.png 560w, https:\/\/www.bca.ad\/wp-content\/uploads\/2026\/08\/1920x1080_AaronGanal-900x675.png 900w\" data-expand=\"1\" \/><\/div><\/div>\t\t\t<div class=\"eut-bg-black eut-hover-overlay eut-opacity-10\"><\/div>\r\n\t\t<\/div>\r\n\t\t\t\t\t\t<div class=\"eut-post-content-wrapper\">\r\n\t\t\t\t\t\t\t<div class=\"eut-post-content\">\r\n\t\t\t\t\t\t\t\t<div class=\"eut-post-header\">\r\n\t\t\t\t\t\t\t\t\t\t\t\t\t\t\t\t\t\t\t\t<span class=\"eut-hidden\">\r\n\t\t\t<span class=\"eut-structured-data entry-title\">Aaron Ganal inicia una nueva etapa lejos de Andorra<\/span>\r\n\t\t\t<span class=\"eut-structured-data\" itemprop=\"image\" itemscope itemtype=\"http:\/\/schema.org\/ImageObject\">\r\n\t\t\t   <span itemprop='url' >https:\/\/www.bca.ad\/wp-content\/uploads\/2026\/08\/1920x1080_AaronGanal.png<\/span>\r\n\t\t\t   <span itemprop='height' >1920<\/span>\r\n\t\t\t   <span itemprop='width' >1080<\/span>\r\n\t\t\t<\/span>\r\n\t\t\t\t\t\t<span class=\"eut-structured-data vcard author\" itemprop=\"author\" itemscope itemtype=\"http:\/\/schema.org\/Person\">\r\n\t\t\t\t<span itemprop=\"name\" class=\"fn\">BC Morabanc Andorra (web oficial)<\/span>\r\n\t\t\t<\/span>\r\n\t\t\t<span class=\"eut-structured-data\" itemprop=\"publisher\" itemscope itemtype=\"http:\/\/schema.org\/Organization\">\r\n\t\t\t\t<span itemprop='name'>BC Morabanc Andorra (web oficial)<\/span>\r\n\t\t\t\t<span itemprop='logo' itemscope itemtype='http:\/\/schema.org\/ImageObject'>\r\n\t\t\t\t\t<span itemprop='url'>https:\/\/www.bca.ad\/wp-content\/uploads\/2026\/08\/1920x1080_AaronGanal.png<\/span>\r\n\t\t\t\t<\/span>\r\n\t\t\t<\/span>\r\n\t\t\t\t\t\t<time class=\"eut-structured-data date published\" itemprop=\"datePublished\" datetime=\"2026-08-06T14:34:31+02:00\">06\/08\/2026<\/time>\r\n\t\t\t<time class=\"eut-structured-data date updated\" itemprop=\"dateModified\"  datetime=\"2026-08-06T14:34:31+02:00\">06\/08\/2026<\/time>\r\n\t\t\t<span class=\"eut-structured-data\" itemprop=\"mainEntityOfPage\" itemscope itemtype=\"http:\/\/schema.org\/WebPage\" itemid=\"https:\/\/www.bca.ad\/es\/aaron-ganal-inicia-una-nueva-etapa-lejos-de-andorra\/\"><\/span>\r\n\t\t<\/span>\r\n\t\t\t\t\t\t\t\t\t\t\t\t\t\t\t\t\t\t\t\t<ul class=\"eut-post-meta\">\r\n\t\t\t\t\t\t\t\t\t\t<li class=\"eut-post-date\">\t<time class=\"\" datetime=\"2026-08-06T14:34:31+02:00\">\r\n\t\t06\/08\/2026\t<\/time>\r\n<\/li>\t\t\t\t\t\t\t\t\t\t<\/ul>\r\n\t\t\t\t\t\t\t\t\t\t\t\t\t\t\t\t\t\t<ul class=\"eut-post-meta eut-categories\">\t<li class=\"cat-item cat-item-944\"><a href=\"https:\/\/www.bca.ad\/es\/category\/acb-es\/\">ACB<\/a>\n<\/li>\n\t<li class=\"cat-item cat-item-150\"><a href=\"https:\/\/www.bca.ad\/es\/category\/basquet-club-andorra-es\/\">B\u00e1squet Club Andorra<\/a>\n<\/li>\n\t<li class=\"cat-item cat-item-109\"><a href=\"https:\/\/www.bca.ad\/es\/category\/morabanc-andorra-es\/\">MoraBanc Andorra<\/a>\n<\/li>\n\t<li class=\"cat-item cat-item-98\"><a href=\"https:\/\/www.bca.ad\/es\/category\/noticia-es\/\">Noticia<\/a>\n<\/li>\n<\/ul>\t\t\t\t\t\t\t\t\t<a href=\"https:\/\/www.bca.ad\/es\/aaron-ganal-inicia-una-nueva-etapa-lejos-de-andorra\/\" rel=\"bookmark\"><h2 class=\"eut-post-title eut-h6\" itemprop=\"headline\">Aaron Ganal inicia una nueva etapa lejos de Andorra<\/h2><\/a>\t\t\t\t\t\t\t\t<\/div>\r\n\t\t\t\t\t\t\t\t<div itemprop=\"articleBody\"><p>Aaron Ganal no continuar\u00e1 en el MoraBanc Andorra la temporada 2026\/2027. El jugador andorrano deja el Principado para afrontar un nuevo reto y continuar creciendo&hellip;<\/p><\/div>\t\t\t\t\t\t\t<\/div>\r\n\t\t\t\t\t\t<\/div>\r\n\t\t\t\t\t\r\n\t\t\t\t<\/div>\t\t\t<\/article>\r\n\r\n\t\t\t<article class=\"eut-blog-item eut-isotope-item eut-bg-size-normal post-39885 post type-post status-publish format-standard has-post-thumbnail hentry category-acb-es category-basquet-club-andorra-es category-morabanc-andorra-es category-noticia-es tag-fichaje tag-leon-radosevic-es tag-temporada-2026-2027-es\" itemscope itemType=\"http:\/\/schema.org\/BlogPosting\">\r\n\t\t\t\t<div class=\"eut-blog-item-inner eut-isotope-item-inner\">\r\n\t\t\t\t\t\t\t\t\t\t\t\t\t<div class=\"eut-media\">\r\n\t\t\t<a class=\"eut-item-url\" href=\"https:\/\/www.bca.ad\/es\/leon-radosevic-aportara-experiencia-al-juego-interior-del-morabanc-andorra\/\"><span class=\"screen-reader-text\">Leon Radosevic aportar\u00e1 experiencia al juego interior del MoraBanc Andorra<\/span><\/a>\r\n\t\t\t<div class=\"eut-thumbnail-wrapper\"><div class=\"eut-thumbnail\"  style=\"padding-top: 75%;\"><img loading=\"lazy\" decoding=\"async\" width=\"560\" height=\"420\" src=\"https:\/\/www.bca.ad\/wp-content\/uploads\/2026\/07\/LeonRadosevic_1920x1080web-560x420.png\" class=\"attachment-crocal-eutf-small-rect-horizontal size-crocal-eutf-small-rect-horizontal eut-lazy-load lazyload wp-post-image\" alt=\"\" data-eutf-filter=\"yes\" srcset=\"https:\/\/www.bca.ad\/wp-content\/themes\/crocal\/images\/empty\/empty.png\" data-src=\"https:\/\/www.bca.ad\/wp-content\/uploads\/2026\/07\/LeonRadosevic_1920x1080web-560x420.png\" data-sizes=\"auto\" data-srcset=\"https:\/\/www.bca.ad\/wp-content\/uploads\/2026\/07\/LeonRadosevic_1920x1080web-560x420.png 560w, https:\/\/www.bca.ad\/wp-content\/uploads\/2026\/07\/LeonRadosevic_1920x1080web-900x675.png 900w\" data-expand=\"1\" \/><\/div><\/div>\t\t\t<div class=\"eut-bg-black eut-hover-overlay eut-opacity-10\"><\/div>\r\n\t\t<\/div>\r\n\t\t\t\t\t\t<div class=\"eut-post-content-wrapper\">\r\n\t\t\t\t\t\t\t<div class=\"eut-post-content\">\r\n\t\t\t\t\t\t\t\t<div class=\"eut-post-header\">\r\n\t\t\t\t\t\t\t\t\t\t\t\t\t\t\t\t\t\t\t\t<span class=\"eut-hidden\">\r\n\t\t\t<span class=\"eut-structured-data entry-title\">Leon Radosevic aportar\u00e1 experiencia al juego interior del MoraBanc Andorra<\/span>\r\n\t\t\t<span class=\"eut-structured-data\" itemprop=\"image\" itemscope itemtype=\"http:\/\/schema.org\/ImageObject\">\r\n\t\t\t   <span itemprop='url' >https:\/\/www.bca.ad\/wp-content\/uploads\/2026\/07\/LeonRadosevic_1920x1080web.png<\/span>\r\n\t\t\t   <span itemprop='height' >1600<\/span>\r\n\t\t\t   <span itemprop='width' >900<\/span>\r\n\t\t\t<\/span>\r\n\t\t\t\t\t\t<span class=\"eut-structured-data vcard author\" itemprop=\"author\" itemscope itemtype=\"http:\/\/schema.org\/Person\">\r\n\t\t\t\t<span itemprop=\"name\" class=\"fn\">BC Morabanc Andorra (web oficial)<\/span>\r\n\t\t\t<\/span>\r\n\t\t\t<span class=\"eut-structured-data\" itemprop=\"publisher\" itemscope itemtype=\"http:\/\/schema.org\/Organization\">\r\n\t\t\t\t<span itemprop='name'>BC Morabanc Andorra (web oficial)<\/span>\r\n\t\t\t\t<span itemprop='logo' itemscope itemtype='http:\/\/schema.org\/ImageObject'>\r\n\t\t\t\t\t<span itemprop='url'>https:\/\/www.bca.ad\/wp-content\/uploads\/2026\/07\/LeonRadosevic_1920x1080web.png<\/span>\r\n\t\t\t\t<\/span>\r\n\t\t\t<\/span>\r\n\t\t\t\t\t\t<time class=\"eut-structured-data date published\" itemprop=\"datePublished\" datetime=\"2026-08-02T11:42:29+02:00\">02\/08\/2026<\/time>\r\n\t\t\t<time class=\"eut-structured-data date updated\" itemprop=\"dateModified\"  datetime=\"2026-08-02T11:42:29+02:00\">02\/08\/2026<\/time>\r\n\t\t\t<span class=\"eut-structured-data\" itemprop=\"mainEntityOfPage\" itemscope itemtype=\"http:\/\/schema.org\/WebPage\" itemid=\"https:\/\/www.bca.ad\/es\/leon-radosevic-aportara-experiencia-al-juego-interior-del-morabanc-andorra\/\"><\/span>\r\n\t\t<\/span>\r\n\t\t\t\t\t\t\t\t\t\t\t\t\t\t\t\t\t\t\t\t<ul class=\"eut-post-meta\">\r\n\t\t\t\t\t\t\t\t\t\t<li class=\"eut-post-date\">\t<time class=\"\" datetime=\"2026-08-02T11:42:29+02:00\">\r\n\t\t02\/08\/2026\t<\/time>\r\n<\/li>\t\t\t\t\t\t\t\t\t\t<\/ul>\r\n\t\t\t\t\t\t\t\t\t\t\t\t\t\t\t\t\t\t<ul class=\"eut-post-meta eut-categories\">\t<li class=\"cat-item cat-item-944\"><a href=\"https:\/\/www.bca.ad\/es\/category\/acb-es\/\">ACB<\/a>\n<\/li>\n\t<li class=\"cat-item cat-item-150\"><a href=\"https:\/\/www.bca.ad\/es\/category\/basquet-club-andorra-es\/\">B\u00e1squet Club Andorra<\/a>\n<\/li>\n\t<li class=\"cat-item cat-item-109\"><a href=\"https:\/\/www.bca.ad\/es\/category\/morabanc-andorra-es\/\">MoraBanc Andorra<\/a>\n<\/li>\n\t<li class=\"cat-item cat-item-98\"><a href=\"https:\/\/www.bca.ad\/es\/category\/noticia-es\/\">Noticia<\/a>\n<\/li>\n<\/ul>\t\t\t\t\t\t\t\t\t<a href=\"https:\/\/www.bca.ad\/es\/leon-radosevic-aportara-experiencia-al-juego-interior-del-morabanc-andorra\/\" rel=\"bookmark\"><h2 class=\"eut-post-title eut-h6\" itemprop=\"headline\">Leon Radosevic aportar\u00e1 experiencia al juego interior del MoraBanc Andorra<\/h2><\/a>\t\t\t\t\t\t\t\t<\/div>\r\n\t\t\t\t\t\t\t\t<div itemprop=\"articleBody\"><p>Leon Radosevic vestir\u00e1 la camiseta del MoraBanc Andorra en la temporada 2026\/2027. El p\u00edvot croata, con pasaporte alem\u00e1n, de 2,08 metros de altura, se incorpora&hellip;<\/p><\/div>\t\t\t\t\t\t\t<\/div>\r\n\t\t\t\t\t\t<\/div>\r\n\t\t\t\t\t\r\n\t\t\t\t<\/div>\t\t\t<\/article>\r\n\r\n\t\t\t<article class=\"eut-blog-item eut-isotope-item eut-bg-size-normal post-39867 post type-post status-publish format-standard has-post-thumbnail hentry category-acb-es category-basquet-club-andorra-es category-morabanc-andorra-es category-noticia-es tag-cam-mcgriff-es tag-fichaje tag-temporada-2026-2027-es\" itemscope itemType=\"http:\/\/schema.org\/BlogPosting\">\r\n\t\t\t\t<div class=\"eut-blog-item-inner eut-isotope-item-inner\">\r\n\t\t\t\t\t\t\t\t\t\t\t\t\t<div class=\"eut-media\">\r\n\t\t\t<a class=\"eut-item-url\" href=\"https:\/\/www.bca.ad\/es\/fisico-y-polivalencia-para-el-juego-interior-con-cameron-mcgriff\/\"><span class=\"screen-reader-text\">F\u00edsico y polivalencia para el juego interior con Cameron McGriff<\/span><\/a>\r\n\t\t\t<div class=\"eut-thumbnail-wrapper\"><div class=\"eut-thumbnail\"  style=\"padding-top: 75%;\"><img loading=\"lazy\" decoding=\"async\" width=\"560\" height=\"420\" src=\"https:\/\/www.bca.ad\/wp-content\/uploads\/2026\/07\/Cam-HoritzontalWeb_1920x1080-560x420.png\" class=\"attachment-crocal-eutf-small-rect-horizontal size-crocal-eutf-small-rect-horizontal eut-lazy-load lazyload wp-post-image\" alt=\"\" data-eutf-filter=\"yes\" srcset=\"https:\/\/www.bca.ad\/wp-content\/themes\/crocal\/images\/empty\/empty.png\" data-src=\"https:\/\/www.bca.ad\/wp-content\/uploads\/2026\/07\/Cam-HoritzontalWeb_1920x1080-560x420.png\" data-sizes=\"auto\" data-srcset=\"https:\/\/www.bca.ad\/wp-content\/uploads\/2026\/07\/Cam-HoritzontalWeb_1920x1080-560x420.png 560w, https:\/\/www.bca.ad\/wp-content\/uploads\/2026\/07\/Cam-HoritzontalWeb_1920x1080-900x675.png 900w\" data-expand=\"1\" \/><\/div><\/div>\t\t\t<div class=\"eut-bg-black eut-hover-overlay eut-opacity-10\"><\/div>\r\n\t\t<\/div>\r\n\t\t\t\t\t\t<div class=\"eut-post-content-wrapper\">\r\n\t\t\t\t\t\t\t<div class=\"eut-post-content\">\r\n\t\t\t\t\t\t\t\t<div class=\"eut-post-header\">\r\n\t\t\t\t\t\t\t\t\t\t\t\t\t\t\t\t\t\t\t\t<span class=\"eut-hidden\">\r\n\t\t\t<span class=\"eut-structured-data entry-title\">F\u00edsico y polivalencia para el juego interior con Cameron McGriff<\/span>\r\n\t\t\t<span class=\"eut-structured-data\" itemprop=\"image\" itemscope itemtype=\"http:\/\/schema.org\/ImageObject\">\r\n\t\t\t   <span itemprop='url' >https:\/\/www.bca.ad\/wp-content\/uploads\/2026\/07\/Cam-HoritzontalWeb_1920x1080.png<\/span>\r\n\t\t\t   <span itemprop='height' >1550<\/span>\r\n\t\t\t   <span itemprop='width' >872<\/span>\r\n\t\t\t<\/span>\r\n\t\t\t\t\t\t<span class=\"eut-structured-data vcard author\" itemprop=\"author\" itemscope itemtype=\"http:\/\/schema.org\/Person\">\r\n\t\t\t\t<span itemprop=\"name\" class=\"fn\">BC Morabanc Andorra (web oficial)<\/span>\r\n\t\t\t<\/span>\r\n\t\t\t<span class=\"eut-structured-data\" itemprop=\"publisher\" itemscope itemtype=\"http:\/\/schema.org\/Organization\">\r\n\t\t\t\t<span itemprop='name'>BC Morabanc Andorra (web oficial)<\/span>\r\n\t\t\t\t<span itemprop='logo' itemscope itemtype='http:\/\/schema.org\/ImageObject'>\r\n\t\t\t\t\t<span itemprop='url'>https:\/\/www.bca.ad\/wp-content\/uploads\/2026\/07\/Cam-HoritzontalWeb_1920x1080.png<\/span>\r\n\t\t\t\t<\/span>\r\n\t\t\t<\/span>\r\n\t\t\t\t\t\t<time class=\"eut-structured-data date published\" itemprop=\"datePublished\" datetime=\"2026-07-23T20:07:41+02:00\">23\/07\/2026<\/time>\r\n\t\t\t<time class=\"eut-structured-data date updated\" itemprop=\"dateModified\"  datetime=\"2026-07-23T20:07:41+02:00\">23\/07\/2026<\/time>\r\n\t\t\t<span class=\"eut-structured-data\" itemprop=\"mainEntityOfPage\" itemscope itemtype=\"http:\/\/schema.org\/WebPage\" itemid=\"https:\/\/www.bca.ad\/es\/fisico-y-polivalencia-para-el-juego-interior-con-cameron-mcgriff\/\"><\/span>\r\n\t\t<\/span>\r\n\t\t\t\t\t\t\t\t\t\t\t\t\t\t\t\t\t\t\t\t<ul class=\"eut-post-meta\">\r\n\t\t\t\t\t\t\t\t\t\t<li class=\"eut-post-date\">\t<time class=\"\" datetime=\"2026-07-23T20:07:41+02:00\">\r\n\t\t23\/07\/2026\t<\/time>\r\n<\/li>\t\t\t\t\t\t\t\t\t\t<\/ul>\r\n\t\t\t\t\t\t\t\t\t\t\t\t\t\t\t\t\t\t<ul class=\"eut-post-meta eut-categories\">\t<li class=\"cat-item cat-item-944\"><a href=\"https:\/\/www.bca.ad\/es\/category\/acb-es\/\">ACB<\/a>\n<\/li>\n\t<li class=\"cat-item cat-item-150\"><a href=\"https:\/\/www.bca.ad\/es\/category\/basquet-club-andorra-es\/\">B\u00e1squet Club Andorra<\/a>\n<\/li>\n\t<li class=\"cat-item cat-item-109\"><a href=\"https:\/\/www.bca.ad\/es\/category\/morabanc-andorra-es\/\">MoraBanc Andorra<\/a>\n<\/li>\n\t<li class=\"cat-item cat-item-98\"><a href=\"https:\/\/www.bca.ad\/es\/category\/noticia-es\/\">Noticia<\/a>\n<\/li>\n<\/ul>\t\t\t\t\t\t\t\t\t<a href=\"https:\/\/www.bca.ad\/es\/fisico-y-polivalencia-para-el-juego-interior-con-cameron-mcgriff\/\" rel=\"bookmark\"><h2 class=\"eut-post-title eut-h6\" itemprop=\"headline\">F\u00edsico y polivalencia para el juego interior con Cameron McGriff<\/h2><\/a>\t\t\t\t\t\t\t\t<\/div>\r\n\t\t\t\t\t\t\t\t<div itemprop=\"articleBody\"><p>La plantilla del MoraBanc Andorra contin\u00faa tomando forma con la llegada de Cameron McGriff. El ala p\u00edvot norteamericano, de 28 a\u00f1os y 2,01 metros de&hellip;<\/p><\/div>\t\t\t\t\t\t\t<\/div>\r\n\t\t\t\t\t\t<\/div>\r\n\t\t\t\t\t\r\n\t\t\t\t<\/div>\t\t\t<\/article>\r\n\r\n\t\t\t<\/div>\r\n<div class=\"eut-pagination eut-pagination-text eut-heading-color\"><ul class='page-numbers'>\n\t<li><span aria-label=\"P\u00e1gina 1\" aria-current=\"page\" class=\"page-numbers current\">1<\/span><\/li>\n\t<li><a aria-label=\"P\u00e1gina 2\" class=\"page-numbers\" href=\"https:\/\/www.bca.ad\/es\/wp-json\/wp\/v2\/pages\/6365\/page\/2\/\">2<\/a><\/li>\n\t<li><a aria-label=\"P\u00e1gina 3\" class=\"page-numbers\" href=\"https:\/\/www.bca.ad\/es\/wp-json\/wp\/v2\/pages\/6365\/page\/3\/\">3<\/a><\/li>\n\t<li><span class=\"page-numbers dots\">&hellip;<\/span><\/li>\n\t<li><a aria-label=\"P\u00e1gina 138\" class=\"page-numbers\" href=\"https:\/\/www.bca.ad\/es\/wp-json\/wp\/v2\/pages\/6365\/page\/138\/\">138<\/a><\/li>\n\t<li><a class=\"next page-numbers\" href=\"https:\/\/www.bca.ad\/es\/wp-json\/wp\/v2\/pages\/6365\/page\/2\/\"><i class=\"eut-icon-nav-right\"><\/i><\/a><\/li>\n<\/ul>\n<\/div>\t\t<\/div>\r\n<\/div><div class=\"eut-background-wrapper\"><\/div><\/div><\/div><\/div><\/div><div class=\"eut-background-wrapper\"><\/div><\/div>\n","protected":false},"excerpt":{"rendered":"La plantilla del MoraBanc Andorra contin\u00faa tomando forma con la llegada de Cameron McGriff. El ala p\u00edvot norteamericano, de 28 a\u00f1os y 2,01 metros de altura, firma por una temporada y afrontar\u00e1, con el conjunto tricolor, el reto de debutar en la Liga Endesa. &nbsp; Formado en la Universidad de Oklahoma State, McGriff acumula experiencia [...]","protected":false},"author":102,"featured_media":0,"parent":0,"menu_order":0,"comment_status":"open","ping_status":"closed","template":"","meta":{"om_disable_all_campaigns":false,"inline_featured_image":false,"_monsterinsights_skip_tracking":false,"_uf_show_specific_survey":0,"_uf_disable_surveys":false,"footnotes":""},"class_list":["post-6365","page","type-page","status-publish","hentry"],"aioseo_notices":[],"_links":{"self":[{"href":"https:\/\/www.bca.ad\/es\/wp-json\/wp\/v2\/pages\/6365","targetHints":{"allow":["GET"]}}],"collection":[{"href":"https:\/\/www.bca.ad\/es\/wp-json\/wp\/v2\/pages"}],"about":[{"href":"https:\/\/www.bca.ad\/es\/wp-json\/wp\/v2\/types\/page"}],"author":[{"embeddable":true,"href":"https:\/\/www.bca.ad\/es\/wp-json\/wp\/v2\/users\/102"}],"replies":[{"embeddable":true,"href":"https:\/\/www.bca.ad\/es\/wp-json\/wp\/v2\/comments?post=6365"}],"version-history":[{"count":0,"href":"https:\/\/www.bca.ad\/es\/wp-json\/wp\/v2\/pages\/6365\/revisions"}],"wp:attachment":[{"href":"https:\/\/www.bca.ad\/es\/wp-json\/wp\/v2\/media?parent=6365"}],"curies":[{"name":"wp","href":"https:\/\/api.w.org\/{rel}","templated":true}]}}